{"id":22282,"date":"2018-03-20T17:15:56","date_gmt":"2018-03-20T16:15:56","guid":{"rendered":"https:\/\/frederiksborg.dk\/?page_id=22282"},"modified":"2025-11-28T13:52:21","modified_gmt":"2025-11-28T12:52:21","slug":"forside-2-2-2-2-2-2-2-2-2","status":"publish","type":"page","link":"https:\/\/frederiksborg.dk\/en\/","title":{"rendered":"Home"},"content":{"rendered":"<section id=\"hero\" class=\"\">\n\t<div class=\"row\" data-menu-color=\"white\">\n\t\t<div class=\"col-12\" style=\"background-image:url('https:\/\/frederiksborg.dk\/wp-content\/uploads\/2025\/09\/Frederiksborg-Slot-3-1600x900.jpg');\">\n\t\t\t<div class=\"row flex v-center h-center\">\n\t\t\t\t<div class=\"col-6\">\n\t\t\t\t\t\t\t\t\t\t<h2 class=\"text-white\" style=\"\">Castle & Museum<\/h2>\t\t\t\t\t<div class=\"content text-white\" style=\"\"><p>Explore magnificent staterooms and halls as well as the Danish National Portrait Gallery.<\/p>\n<p>Open every day \u2013 365 days a year!<\/p>\n<\/div>\t\t\t\t\t\t\t\t\t\t<a href=\"https:\/\/frederiksborg.dk\/en\/getting-here\/\" target=\"\" class=\"button white\">Find your way<\/a>\n\t\t\t\t\t\t\t\t\t<\/div>\n\t\t\t<\/div>\n\t\t<\/div>\n\t<\/div>\n\t<\/section>\n<section id=\"secondary-content\">\n\n\t<div class=\"tiles\">\n\t<div class=\"content-wrapper\">\n\t\t<div class=\"row\"><h2>What to see<\/h2><\/div>\n\t\t<div class=\"row happening related\">\n\t<div class=\"col-m-4 col-4 tile\">\n\t<a href=\"https:\/\/frederiksborg.dk\/en\/castle\/\">\n    <div class=\"aspect-img\">\n                    <img decoding=\"async\" src=\"https:\/\/frederiksborg.dk\/wp-content\/uploads\/2024\/07\/Frederiksborg-Drone-6-320x180.jpg\" srcset=\"https:\/\/frederiksborg.dk\/wp-content\/uploads\/2024\/07\/Frederiksborg-Drone-6-320x180.jpg 320w, https:\/\/frederiksborg.dk\/wp-content\/uploads\/2024\/07\/Frederiksborg-Drone-6-1600x900.jpg 1600w, https:\/\/frederiksborg.dk\/wp-content\/uploads\/2024\/07\/Frederiksborg-Drone-6-960x540.jpg 960w, https:\/\/frederiksborg.dk\/wp-content\/uploads\/2024\/07\/Frederiksborg-Drone-6-640x360.jpg 640w, https:\/\/frederiksborg.dk\/wp-content\/uploads\/2024\/07\/Frederiksborg-Drone-6-480x270.jpg 480w\" sizes=\"(max-width: 320px) 100vw, 320px\" class=\"\" alt=\"\">            <\/div>\n    <div class=\"tile-content\">\n        <h3>The Castle<\/h3>\n            <\/div>\n        <div class=\"read-more\">\n        <span>Read more<\/span>\n    <\/div>\n    <\/a>\n\t<\/div>\n\t<div class=\"col-m-4 col-4 tile\">\n\t<a href=\"https:\/\/frederiksborg.dk\/en\/museum-2\/\">\n    <div class=\"aspect-img\">\n                    <img decoding=\"async\" src=\"https:\/\/frederiksborg.dk\/wp-content\/uploads\/2024\/10\/Frederiksborg-Slot-Credits-Ann-Joergensen-VisitNordsjaelland-Frb.slot31_til-web-320x180.jpg\" srcset=\"https:\/\/frederiksborg.dk\/wp-content\/uploads\/2024\/10\/Frederiksborg-Slot-Credits-Ann-Joergensen-VisitNordsjaelland-Frb.slot31_til-web-320x180.jpg 320w, https:\/\/frederiksborg.dk\/wp-content\/uploads\/2024\/10\/Frederiksborg-Slot-Credits-Ann-Joergensen-VisitNordsjaelland-Frb.slot31_til-web-1600x900.jpg 1600w, https:\/\/frederiksborg.dk\/wp-content\/uploads\/2024\/10\/Frederiksborg-Slot-Credits-Ann-Joergensen-VisitNordsjaelland-Frb.slot31_til-web-960x540.jpg 960w, https:\/\/frederiksborg.dk\/wp-content\/uploads\/2024\/10\/Frederiksborg-Slot-Credits-Ann-Joergensen-VisitNordsjaelland-Frb.slot31_til-web-640x360.jpg 640w, https:\/\/frederiksborg.dk\/wp-content\/uploads\/2024\/10\/Frederiksborg-Slot-Credits-Ann-Joergensen-VisitNordsjaelland-Frb.slot31_til-web-480x270.jpg 480w\" sizes=\"(max-width: 320px) 100vw, 320px\" class=\"\" alt=\"\">            <\/div>\n    <div class=\"tile-content\">\n        <h3>The Museum<\/h3>\n            <\/div>\n        <div class=\"read-more\">\n        <span>Read more<\/span>\n    <\/div>\n    <\/a>\n\t<\/div>\n\t<div class=\"col-m-4 col-4 tile\">\n\t<a href=\"https:\/\/frederiksborg.dk\/en\/castle-gardens\/\">\n    <div class=\"aspect-img\">\n                    <img decoding=\"async\" src=\"https:\/\/frederiksborg.dk\/wp-content\/uploads\/2024\/06\/Frederiksborg-Drone-15-320x180.jpg\" srcset=\"https:\/\/frederiksborg.dk\/wp-content\/uploads\/2024\/06\/Frederiksborg-Drone-15-320x180.jpg 320w, https:\/\/frederiksborg.dk\/wp-content\/uploads\/2024\/06\/Frederiksborg-Drone-15-1600x900.jpg 1600w, https:\/\/frederiksborg.dk\/wp-content\/uploads\/2024\/06\/Frederiksborg-Drone-15-960x540.jpg 960w, https:\/\/frederiksborg.dk\/wp-content\/uploads\/2024\/06\/Frederiksborg-Drone-15-640x360.jpg 640w, https:\/\/frederiksborg.dk\/wp-content\/uploads\/2024\/06\/Frederiksborg-Drone-15-480x270.jpg 480w\" sizes=\"(max-width: 320px) 100vw, 320px\" class=\"\" alt=\"\">            <\/div>\n    <div class=\"tile-content\">\n        <h3>The Castle Gardens<\/h3>\n            <\/div>\n        <div class=\"read-more\">\n        <span>Read more<\/span>\n    <\/div>\n    <\/a>\n\t<\/div>\n\t<\/div>\n\t<\/div>\n<\/div>\n<div class=\"happenings\">\n<div class=\"content-wrapper\">\n  <div class=\"happening-row\">\n    <div class=\"row\">\n        <div class=\"col-m-12 col-12\">\n\t       <h2 class=\"section-header\">Exhibitions<\/h2>\n        <\/div>\n    <\/div>\n\t<div class=\"row happening fullwidth\">\n\t\t\t\t\t<div class=\"col-m-4 col-4 tile\">\n\t\t\t\t<a href=\"https:\/\/frederiksborg.dk\/en\/event\/gods-recreated\/\">\n    <div class=\"aspect-img\">\n\t   <img loading=\"lazy\" decoding=\"async\" width=\"640\" height=\"360\" src=\"https:\/\/frederiksborg.dk\/wp-content\/uploads\/2023\/10\/16-9-guder-genskabt-640x360.jpg\" class=\"attachment-wide-2_3-crop size-wide-2_3-crop wp-post-image\" alt=\"\" srcset=\"https:\/\/frederiksborg.dk\/wp-content\/uploads\/2023\/10\/16-9-guder-genskabt-640x360.jpg 640w, https:\/\/frederiksborg.dk\/wp-content\/uploads\/2023\/10\/16-9-guder-genskabt-600x338.jpg 600w, https:\/\/frederiksborg.dk\/wp-content\/uploads\/2023\/10\/16-9-guder-genskabt-1600x900.jpg 1600w, https:\/\/frederiksborg.dk\/wp-content\/uploads\/2023\/10\/16-9-guder-genskabt-768x432.jpg 768w, https:\/\/frederiksborg.dk\/wp-content\/uploads\/2023\/10\/16-9-guder-genskabt-1536x864.jpg 1536w, https:\/\/frederiksborg.dk\/wp-content\/uploads\/2023\/10\/16-9-guder-genskabt-2048x1152.jpg 2048w, https:\/\/frederiksborg.dk\/wp-content\/uploads\/2023\/10\/16-9-guder-genskabt-40x23.jpg 40w, https:\/\/frederiksborg.dk\/wp-content\/uploads\/2023\/10\/16-9-guder-genskabt-960x540.jpg 960w, https:\/\/frederiksborg.dk\/wp-content\/uploads\/2023\/10\/16-9-guder-genskabt-480x270.jpg 480w, https:\/\/frederiksborg.dk\/wp-content\/uploads\/2023\/10\/16-9-guder-genskabt-320x180.jpg 320w\" sizes=\"auto, (max-width: 640px) 100vw, 640px\" \/>    <\/div>\n    <div class=\"tile-content\">\n                <div class=\"date\">09\/02 2024 - 03\/07 2028<\/div>\n                <h3>Gods Recreated<\/h3>\n        <p>Special exhibition showcases the striking facade sculptures of Frederiksborg Castle and the extensive restoration effort currently underway.<\/p>\n\n    <\/div>\n    <div class=\"read-more\">\n            <span>Read more<\/span>\n    <\/div>\n<\/a>\n\t\t\t<\/div>\n\t\t\t\t\t\t<div class=\"col-m-4 col-4 tile\">\n\t\t\t\t<a href=\"https:\/\/frederiksborg.dk\/en\/event\/gobelins\/\">\n    <div class=\"aspect-img\">\n\t   <img loading=\"lazy\" decoding=\"async\" width=\"640\" height=\"360\" src=\"https:\/\/frederiksborg.dk\/wp-content\/uploads\/2025\/09\/webbillede-640x360.jpg\" class=\"attachment-wide-2_3-crop size-wide-2_3-crop wp-post-image\" alt=\"\" srcset=\"https:\/\/frederiksborg.dk\/wp-content\/uploads\/2025\/09\/webbillede-640x360.jpg 640w, https:\/\/frederiksborg.dk\/wp-content\/uploads\/2025\/09\/webbillede-600x338.jpg 600w, https:\/\/frederiksborg.dk\/wp-content\/uploads\/2025\/09\/webbillede-1600x900.jpg 1600w, https:\/\/frederiksborg.dk\/wp-content\/uploads\/2025\/09\/webbillede-768x432.jpg 768w, https:\/\/frederiksborg.dk\/wp-content\/uploads\/2025\/09\/webbillede-1536x864.jpg 1536w, https:\/\/frederiksborg.dk\/wp-content\/uploads\/2025\/09\/webbillede-2048x1152.jpg 2048w, https:\/\/frederiksborg.dk\/wp-content\/uploads\/2025\/09\/webbillede-40x23.jpg 40w, https:\/\/frederiksborg.dk\/wp-content\/uploads\/2025\/09\/webbillede-960x540.jpg 960w, https:\/\/frederiksborg.dk\/wp-content\/uploads\/2025\/09\/webbillede-480x270.jpg 480w, https:\/\/frederiksborg.dk\/wp-content\/uploads\/2025\/09\/webbillede-320x180.jpg 320w\" sizes=\"auto, (max-width: 640px) 100vw, 640px\" \/>    <\/div>\n    <div class=\"tile-content\">\n                <div class=\"date\">26\/03 2026 - 06\/09 2026<\/div>\n                <h3>Gobelins &#8211; The Frederiksborg Tapestries<\/h3>\n        <p>Discover the tapestries of the Great Hall in a special exhibition.<\/p>\n\n    <\/div>\n    <div class=\"read-more\">\n            <span>Read more<\/span>\n    <\/div>\n<\/a>\n\t\t\t<\/div>\n\t\t\t\t\t\t<div class=\"col-m-4 col-4 tile\">\n\t\t\t\t<a href=\"https:\/\/frederiksborg.dk\/en\/event\/agnes-and-harald\/\">\n    <div class=\"aspect-img\">\n\t   <img loading=\"lazy\" decoding=\"async\" width=\"640\" height=\"360\" src=\"https:\/\/frederiksborg.dk\/wp-content\/uploads\/2025\/12\/A-9118-KUN-TIL-WEB-e1764683263449-640x360.jpg?theia_smart_thumbnails_file_version=2\" class=\"attachment-wide-2_3-crop size-wide-2_3-crop wp-post-image\" alt=\"\" srcset=\"https:\/\/frederiksborg.dk\/wp-content\/uploads\/2025\/12\/A-9118-KUN-TIL-WEB-e1764683263449-640x360.jpg?theia_smart_thumbnails_file_version=2 640w, https:\/\/frederiksborg.dk\/wp-content\/uploads\/2025\/12\/A-9118-KUN-TIL-WEB-e1764683263449-960x540.jpg?theia_smart_thumbnails_file_version=2 960w, https:\/\/frederiksborg.dk\/wp-content\/uploads\/2025\/12\/A-9118-KUN-TIL-WEB-e1764683263449-480x270.jpg?theia_smart_thumbnails_file_version=2 480w, https:\/\/frederiksborg.dk\/wp-content\/uploads\/2025\/12\/A-9118-KUN-TIL-WEB-e1764683263449-320x180.jpg?theia_smart_thumbnails_file_version=2 320w\" sizes=\"auto, (max-width: 640px) 100vw, 640px\" \/>    <\/div>\n    <div class=\"tile-content\">\n                <div class=\"date\">08\/10 2026 - 04\/04 2027<\/div>\n                <h3>Agnes and Harald<\/h3>\n        <p>Special exhibition on the artist couple Agnes and Harald Slott-M\u00f8ller<\/p>\n\n    <\/div>\n    <div class=\"read-more\">\n            <span>Read more<\/span>\n    <\/div>\n<\/a>\n\t\t\t<\/div>\n\t\t\t\t<\/div>\n\t\t<a href=\"https:\/\/frederiksborg.dk\/en\/events\/category\/exhibitions\/\" class=\"button\">View all exhibitions<\/a>\n\t<\/div>\n<\/div>\n<\/div>\n<div class=\"happenings\">\n<div class=\"content-wrapper\">\n  <div class=\"happening-row\">\n    <div class=\"row\">\n        <div class=\"col-m-12 col-12\">\n\t       <h2 class=\"section-header\">What's On<\/h2>\n        <\/div>\n    <\/div>\n\t<div class=\"row happening fullwidth\">\n\t\t\t\t\t<div class=\"col-m-4 col-4 tile\">\n\t\t\t\t<a href=\"https:\/\/frederiksborg.dk\/en\/event\/frederiksborg-speaks\/\">\n    <div class=\"aspect-img\">\n\t   <img loading=\"lazy\" decoding=\"async\" width=\"640\" height=\"360\" src=\"https:\/\/frederiksborg.dk\/wp-content\/uploads\/2025\/06\/JD_DNM_Sommer1777-640x360.jpg\" class=\"attachment-wide-2_3-crop size-wide-2_3-crop wp-post-image\" alt=\"\" srcset=\"https:\/\/frederiksborg.dk\/wp-content\/uploads\/2025\/06\/JD_DNM_Sommer1777-640x360.jpg 640w, https:\/\/frederiksborg.dk\/wp-content\/uploads\/2025\/06\/JD_DNM_Sommer1777-1600x900.jpg 1600w, https:\/\/frederiksborg.dk\/wp-content\/uploads\/2025\/06\/JD_DNM_Sommer1777-960x540.jpg 960w, https:\/\/frederiksborg.dk\/wp-content\/uploads\/2025\/06\/JD_DNM_Sommer1777-480x270.jpg 480w, https:\/\/frederiksborg.dk\/wp-content\/uploads\/2025\/06\/JD_DNM_Sommer1777-320x180.jpg 320w\" sizes=\"auto, (max-width: 640px) 100vw, 640px\" \/>    <\/div>\n    <div class=\"tile-content\">\n                <div class=\"date\">On weekdays<\/div>\n                <h3>Frederiksborg Speaks<\/h3>\n        <p>A unique, guided experience \u2013 every weekday at 1 PM<\/p>\n\n    <\/div>\n    <div class=\"read-more\">\n            <span>Read more<\/span>\n    <\/div>\n<\/a>\n\t\t\t<\/div>\n\t\t\t\t\t\t<div class=\"col-m-4 col-4 tile\">\n\t\t\t\t<a href=\"https:\/\/frederiksborg.dk\/en\/event\/fantastic-frederiksborg-for-children\/\">\n    <div class=\"aspect-img\">\n\t   <img loading=\"lazy\" decoding=\"async\" width=\"640\" height=\"360\" src=\"https:\/\/frederiksborg.dk\/wp-content\/uploads\/2025\/01\/JD_DNM_Sommer1892-640x360.jpg\" class=\"attachment-wide-2_3-crop size-wide-2_3-crop wp-post-image\" alt=\"\" srcset=\"https:\/\/frederiksborg.dk\/wp-content\/uploads\/2025\/01\/JD_DNM_Sommer1892-640x360.jpg 640w, https:\/\/frederiksborg.dk\/wp-content\/uploads\/2025\/01\/JD_DNM_Sommer1892-1600x900.jpg 1600w, https:\/\/frederiksborg.dk\/wp-content\/uploads\/2025\/01\/JD_DNM_Sommer1892-960x540.jpg 960w, https:\/\/frederiksborg.dk\/wp-content\/uploads\/2025\/01\/JD_DNM_Sommer1892-480x270.jpg 480w, https:\/\/frederiksborg.dk\/wp-content\/uploads\/2025\/01\/JD_DNM_Sommer1892-320x180.jpg 320w\" sizes=\"auto, (max-width: 640px) 100vw, 640px\" \/>    <\/div>\n    <div class=\"tile-content\">\n                <div class=\"date\">Every Day<\/div>\n                <h3>Fantastic Frederiksborg for Children<\/h3>\n        <p>Frederiksborg is full of quirky details just waiting to be discovered<\/p>\n\n    <\/div>\n    <div class=\"read-more\">\n            <span>Read more<\/span>\n    <\/div>\n<\/a>\n\t\t\t<\/div>\n\t\t\t\t\t\t<div class=\"col-m-4 col-4 tile\">\n\t\t\t\t<a href=\"https:\/\/frederiksborg.dk\/en\/event\/concert-on-the-compenius-organ-2\/\">\n    <div class=\"aspect-img\">\n\t   <img loading=\"lazy\" decoding=\"async\" width=\"640\" height=\"360\" src=\"https:\/\/frederiksborg.dk\/wp-content\/uploads\/2018\/02\/Frederiksborg-Slotskirke-V2570IIA-640x360.jpg\" class=\"attachment-wide-2_3-crop size-wide-2_3-crop wp-post-image\" alt=\"\" srcset=\"https:\/\/frederiksborg.dk\/wp-content\/uploads\/2018\/02\/Frederiksborg-Slotskirke-V2570IIA-640x360.jpg 640w, https:\/\/frederiksborg.dk\/wp-content\/uploads\/2018\/02\/Frederiksborg-Slotskirke-V2570IIA-600x338.jpg 600w, https:\/\/frederiksborg.dk\/wp-content\/uploads\/2018\/02\/Frederiksborg-Slotskirke-V2570IIA-768x432.jpg 768w, https:\/\/frederiksborg.dk\/wp-content\/uploads\/2018\/02\/Frederiksborg-Slotskirke-V2570IIA-40x23.jpg 40w, https:\/\/frederiksborg.dk\/wp-content\/uploads\/2018\/02\/Frederiksborg-Slotskirke-V2570IIA-960x540.jpg 960w, https:\/\/frederiksborg.dk\/wp-content\/uploads\/2018\/02\/Frederiksborg-Slotskirke-V2570IIA-480x270.jpg 480w, https:\/\/frederiksborg.dk\/wp-content\/uploads\/2018\/02\/Frederiksborg-Slotskirke-V2570IIA-320x180.jpg 320w, https:\/\/frederiksborg.dk\/wp-content\/uploads\/2018\/02\/Frederiksborg-Slotskirke-V2570IIA-300x169.jpg 300w, https:\/\/frederiksborg.dk\/wp-content\/uploads\/2018\/02\/Frederiksborg-Slotskirke-V2570IIA.jpg 1200w\" sizes=\"auto, (max-width: 640px) 100vw, 640px\" \/>    <\/div>\n    <div class=\"tile-content\">\n                <div class=\"date\">Every thursday 13:30<\/div>\n                <h3>Concert on the Compenius Organ<\/h3>\n        <p>30 minutes presentation concert on the historic chamber organ.<\/p>\n\n    <\/div>\n    <div class=\"read-more\">\n            <span>Read more<\/span>\n    <\/div>\n<\/a>\n\t\t\t<\/div>\n\t\t\t\t<\/div>\n\t\t<a href=\"https:\/\/frederiksborg.dk\/en\/events\/\" class=\"button\">View calendar<\/a>\n\t<\/div>\n<\/div>\n<\/div>\n<div class=\"tiles\">\n\t<div class=\"content-wrapper\">\n\t\t<div class=\"row\"><h2>Before your visit<\/h2><\/div>\n\t\t<div class=\"row happening related\">\n\t<div class=\"col-m-4 col-4 tile\">\n\t<a href=\"https:\/\/frederiksborg.dk\/en\/visit\/\">\n    <div class=\"aspect-img\">\n                    <img decoding=\"async\" src=\"https:\/\/frederiksborg.dk\/wp-content\/uploads\/2023\/12\/loengangen-320x180.png\" srcset=\"https:\/\/frederiksborg.dk\/wp-content\/uploads\/2023\/12\/loengangen-320x180.png 320w, https:\/\/frederiksborg.dk\/wp-content\/uploads\/2023\/12\/loengangen-1600x900.png 1600w, https:\/\/frederiksborg.dk\/wp-content\/uploads\/2023\/12\/loengangen-960x540.png 960w, https:\/\/frederiksborg.dk\/wp-content\/uploads\/2023\/12\/loengangen-640x360.png 640w, https:\/\/frederiksborg.dk\/wp-content\/uploads\/2023\/12\/loengangen-480x270.png 480w\" sizes=\"(max-width: 320px) 100vw, 320px\" class=\"\" alt=\"\">            <\/div>\n    <div class=\"tile-content\">\n        <h3>Visit<\/h3>\n                    <p>Plan your visit<\/p>\n            <\/div>\n        <div class=\"read-more\">\n        <span>Read more<\/span>\n    <\/div>\n    <\/a>\n\t<\/div>\n\t<div class=\"col-m-4 col-4 tile\">\n\t<a href=\"https:\/\/frederiksborg.dk\/en\/audioguide\/\">\n    <div class=\"aspect-img\">\n                    <img decoding=\"async\" src=\"https:\/\/frederiksborg.dk\/wp-content\/uploads\/2024\/04\/Foto-smartify-1-320x180.jpg\" srcset=\"https:\/\/frederiksborg.dk\/wp-content\/uploads\/2024\/04\/Foto-smartify-1-320x180.jpg 320w, https:\/\/frederiksborg.dk\/wp-content\/uploads\/2024\/04\/Foto-smartify-1-1600x900.jpg 1600w, https:\/\/frederiksborg.dk\/wp-content\/uploads\/2024\/04\/Foto-smartify-1-960x540.jpg 960w, https:\/\/frederiksborg.dk\/wp-content\/uploads\/2024\/04\/Foto-smartify-1-640x360.jpg 640w, https:\/\/frederiksborg.dk\/wp-content\/uploads\/2024\/04\/Foto-smartify-1-480x270.jpg 480w\" sizes=\"(max-width: 320px) 100vw, 320px\" class=\"\" alt=\"\">            <\/div>\n    <div class=\"tile-content\">\n        <h3>Explore Frederiksborg<\/h3>\n                    <p>Digital guides to explore the museum<\/p>\n            <\/div>\n        <div class=\"read-more\">\n        <span>Buy now<\/span>\n    <\/div>\n    <\/a>\n\t<\/div>\n\t<div class=\"col-m-4 col-4 tile\">\n\t<a href=\"https:\/\/frederiksborg.dk\/en\/restaurant\/\">\n    <div class=\"aspect-img\">\n                    <img decoding=\"async\" src=\"https:\/\/frederiksborg.dk\/wp-content\/uploads\/2024\/04\/DSC_6323-copy-320x180.jpg?theia_smart_thumbnails_file_version=2\" srcset=\"https:\/\/frederiksborg.dk\/wp-content\/uploads\/2024\/04\/DSC_6323-copy-320x180.jpg?theia_smart_thumbnails_file_version=2 320w, https:\/\/frederiksborg.dk\/wp-content\/uploads\/2024\/04\/DSC_6323-copy-1600x900.jpg?theia_smart_thumbnails_file_version=2 1600w, https:\/\/frederiksborg.dk\/wp-content\/uploads\/2024\/04\/DSC_6323-copy-960x540.jpg?theia_smart_thumbnails_file_version=2 960w, https:\/\/frederiksborg.dk\/wp-content\/uploads\/2024\/04\/DSC_6323-copy-640x360.jpg?theia_smart_thumbnails_file_version=2 640w, https:\/\/frederiksborg.dk\/wp-content\/uploads\/2024\/04\/DSC_6323-copy-480x270.jpg?theia_smart_thumbnails_file_version=2 480w\" sizes=\"(max-width: 320px) 100vw, 320px\" class=\"\" alt=\"\">            <\/div>\n    <div class=\"tile-content\">\n        <h3>Restaurant<\/h3>\n                    <p>Book a table at our restaurant, Rabarbergaarden Slottet <\/p>\n            <\/div>\n        <div class=\"read-more\">\n        <span>Read more<\/span>\n    <\/div>\n    <\/a>\n\t<\/div>\n\t<\/div>\n\t<\/div>\n<\/div>\n<div id=\"social-media\">\n    <div class=\"content-wrapper\">\n        <h2>Follow us<\/h2>        <div class=\"row\">\n\n            \n                        <div class=\"col-12 so-me\">\n                <h2 class=\"social-header\">Instagram<\/h2>\n                \n<div id=\"sb_instagram\"  class=\"sbi sbi_mob_col_1 sbi_tab_col_4 sbi_col_4\" style=\"padding-bottom: 10px; width: 100%;\"\t data-feedid=\"*1\"  data-res=\"auto\" data-cols=\"4\" data-colsmobile=\"1\" data-colstablet=\"4\" data-num=\"4\" data-nummobile=\"\" data-item-padding=\"5\"\t data-shortcode-atts=\"{&quot;num&quot;:&quot;4&quot;,&quot;cols&quot;:&quot;4&quot;,&quot;imagepadding&quot;:&quot;0&quot;,&quot;showfollow&quot;:&quot;false&quot;,&quot;showbutton&quot;:&quot;false&quot;,&quot;showheader&quot;:&quot;false&quot;}\"  data-postid=\"22282\" data-locatornonce=\"874363591b\" data-imageaspectratio=\"1:1\" data-sbi-flags=\"favorLocal,gdpr\">\n\t\n\t<div id=\"sbi_images\"  style=\"gap: 10px;\">\n\t\t<div class=\"sbi_item sbi_type_carousel sbi_new sbi_transition\"\n\tid=\"sbi_18014997515687171\" data-date=\"1777449623\">\n\t<div class=\"sbi_photo_wrap\">\n\t\t<a class=\"sbi_photo\" href=\"https:\/\/www.instagram.com\/p\/DXtUWOdCBYn\/\" target=\"_blank\" rel=\"noopener nofollow\"\n\t\t\tdata-full-res=\"https:\/\/scontent-mxp2-1.cdninstagram.com\/v\/t39.30808-6\/684997396_1601633878629839_612569027168306071_n.jpg?stp=dst-jpg_e35_tt6&#038;_nc_cat=109&#038;ccb=7-5&#038;_nc_sid=18de74&#038;efg=eyJlZmdfdGFnIjoiQ0FST1VTRUxfSVRFTS5iZXN0X2ltYWdlX3VybGdlbi5DMyJ9&#038;_nc_ohc=2r9dsWwmn9cQ7kNvwFTf2Wr&#038;_nc_oc=Adp-jL0s9vcVPsnWb2DCNzbWX8PgOUzBEVoU5brr8WqC6pWMb0dWqMuOgSnLAIHKkWc&#038;_nc_zt=23&#038;_nc_ht=scontent-mxp2-1.cdninstagram.com&#038;edm=ANo9K5cEAAAA&#038;_nc_gid=gwGNoDM7IhREkifZkDBrZw&#038;_nc_tpa=Q5bMBQGFXHPK1KMoG0KRSKt3TP9OWCePjN9-gosbHoirjemQU0rwr6LIoLwM1xNAEUShDvwCH24EkjJIVA&#038;oh=00_Af1Qe0pzfpGvbyvjWBZKQHwlcf_oTBakxD78HNnC-Nuriw&#038;oe=69F7C930\"\n\t\t\tdata-img-src-set=\"{&quot;d&quot;:&quot;https:\\\/\\\/scontent-mxp2-1.cdninstagram.com\\\/v\\\/t39.30808-6\\\/684997396_1601633878629839_612569027168306071_n.jpg?stp=dst-jpg_e35_tt6&amp;_nc_cat=109&amp;ccb=7-5&amp;_nc_sid=18de74&amp;efg=eyJlZmdfdGFnIjoiQ0FST1VTRUxfSVRFTS5iZXN0X2ltYWdlX3VybGdlbi5DMyJ9&amp;_nc_ohc=2r9dsWwmn9cQ7kNvwFTf2Wr&amp;_nc_oc=Adp-jL0s9vcVPsnWb2DCNzbWX8PgOUzBEVoU5brr8WqC6pWMb0dWqMuOgSnLAIHKkWc&amp;_nc_zt=23&amp;_nc_ht=scontent-mxp2-1.cdninstagram.com&amp;edm=ANo9K5cEAAAA&amp;_nc_gid=gwGNoDM7IhREkifZkDBrZw&amp;_nc_tpa=Q5bMBQGFXHPK1KMoG0KRSKt3TP9OWCePjN9-gosbHoirjemQU0rwr6LIoLwM1xNAEUShDvwCH24EkjJIVA&amp;oh=00_Af1Qe0pzfpGvbyvjWBZKQHwlcf_oTBakxD78HNnC-Nuriw&amp;oe=69F7C930&quot;,&quot;150&quot;:&quot;https:\\\/\\\/scontent-mxp2-1.cdninstagram.com\\\/v\\\/t39.30808-6\\\/684997396_1601633878629839_612569027168306071_n.jpg?stp=dst-jpg_e35_tt6&amp;_nc_cat=109&amp;ccb=7-5&amp;_nc_sid=18de74&amp;efg=eyJlZmdfdGFnIjoiQ0FST1VTRUxfSVRFTS5iZXN0X2ltYWdlX3VybGdlbi5DMyJ9&amp;_nc_ohc=2r9dsWwmn9cQ7kNvwFTf2Wr&amp;_nc_oc=Adp-jL0s9vcVPsnWb2DCNzbWX8PgOUzBEVoU5brr8WqC6pWMb0dWqMuOgSnLAIHKkWc&amp;_nc_zt=23&amp;_nc_ht=scontent-mxp2-1.cdninstagram.com&amp;edm=ANo9K5cEAAAA&amp;_nc_gid=gwGNoDM7IhREkifZkDBrZw&amp;_nc_tpa=Q5bMBQGFXHPK1KMoG0KRSKt3TP9OWCePjN9-gosbHoirjemQU0rwr6LIoLwM1xNAEUShDvwCH24EkjJIVA&amp;oh=00_Af1Qe0pzfpGvbyvjWBZKQHwlcf_oTBakxD78HNnC-Nuriw&amp;oe=69F7C930&quot;,&quot;320&quot;:&quot;https:\\\/\\\/scontent-mxp2-1.cdninstagram.com\\\/v\\\/t39.30808-6\\\/684997396_1601633878629839_612569027168306071_n.jpg?stp=dst-jpg_e35_tt6&amp;_nc_cat=109&amp;ccb=7-5&amp;_nc_sid=18de74&amp;efg=eyJlZmdfdGFnIjoiQ0FST1VTRUxfSVRFTS5iZXN0X2ltYWdlX3VybGdlbi5DMyJ9&amp;_nc_ohc=2r9dsWwmn9cQ7kNvwFTf2Wr&amp;_nc_oc=Adp-jL0s9vcVPsnWb2DCNzbWX8PgOUzBEVoU5brr8WqC6pWMb0dWqMuOgSnLAIHKkWc&amp;_nc_zt=23&amp;_nc_ht=scontent-mxp2-1.cdninstagram.com&amp;edm=ANo9K5cEAAAA&amp;_nc_gid=gwGNoDM7IhREkifZkDBrZw&amp;_nc_tpa=Q5bMBQGFXHPK1KMoG0KRSKt3TP9OWCePjN9-gosbHoirjemQU0rwr6LIoLwM1xNAEUShDvwCH24EkjJIVA&amp;oh=00_Af1Qe0pzfpGvbyvjWBZKQHwlcf_oTBakxD78HNnC-Nuriw&amp;oe=69F7C930&quot;,&quot;640&quot;:&quot;https:\\\/\\\/scontent-mxp2-1.cdninstagram.com\\\/v\\\/t39.30808-6\\\/684997396_1601633878629839_612569027168306071_n.jpg?stp=dst-jpg_e35_tt6&amp;_nc_cat=109&amp;ccb=7-5&amp;_nc_sid=18de74&amp;efg=eyJlZmdfdGFnIjoiQ0FST1VTRUxfSVRFTS5iZXN0X2ltYWdlX3VybGdlbi5DMyJ9&amp;_nc_ohc=2r9dsWwmn9cQ7kNvwFTf2Wr&amp;_nc_oc=Adp-jL0s9vcVPsnWb2DCNzbWX8PgOUzBEVoU5brr8WqC6pWMb0dWqMuOgSnLAIHKkWc&amp;_nc_zt=23&amp;_nc_ht=scontent-mxp2-1.cdninstagram.com&amp;edm=ANo9K5cEAAAA&amp;_nc_gid=gwGNoDM7IhREkifZkDBrZw&amp;_nc_tpa=Q5bMBQGFXHPK1KMoG0KRSKt3TP9OWCePjN9-gosbHoirjemQU0rwr6LIoLwM1xNAEUShDvwCH24EkjJIVA&amp;oh=00_Af1Qe0pzfpGvbyvjWBZKQHwlcf_oTBakxD78HNnC-Nuriw&amp;oe=69F7C930&quot;}\">\n\t\t\t<span class=\"sbi-screenreader\">NYT p\u00e5 Frederiksborg: Kreative workshops for voksn<\/span>\n\t\t\t<svg class=\"svg-inline--fa fa-clone fa-w-16 sbi_lightbox_carousel_icon\" aria-hidden=\"true\" aria-label=\"Clone\" data-fa-pro\u0192cessed=\"\" data-prefix=\"far\" data-icon=\"clone\" role=\"img\" xmlns=\"http:\/\/www.w3.org\/2000\/svg\" viewBox=\"0 0 512 512\">\n                    <path fill=\"currentColor\" d=\"M464 0H144c-26.51 0-48 21.49-48 48v48H48c-26.51 0-48 21.49-48 48v320c0 26.51 21.49 48 48 48h320c26.51 0 48-21.49 48-48v-48h48c26.51 0 48-21.49 48-48V48c0-26.51-21.49-48-48-48zM362 464H54a6 6 0 0 1-6-6V150a6 6 0 0 1 6-6h42v224c0 26.51 21.49 48 48 48h224v42a6 6 0 0 1-6 6zm96-96H150a6 6 0 0 1-6-6V54a6 6 0 0 1 6-6h308a6 6 0 0 1 6 6v308a6 6 0 0 1-6 6z\"><\/path>\n                <\/svg>\t\t\t\t\t\t<img decoding=\"async\" src=\"https:\/\/frederiksborg.dk\/wp-content\/plugins\/instagram-feed\/img\/placeholder.png\" alt=\"NYT p\u00e5 Frederiksborg: Kreative workshops for voksne \ud83e\udea1\n\nKom p\u00e5 3 timers workshop med Kris fra F\u00f8lsomt Broderi. Med afs\u00e6t i tekster om l\u00e6ngsel og h\u00e5b bliver du guidet i frih\u00e5ndsbroderi uden faste opskrifter. Du beh\u00f8ver ingen erfaring \u2013 og gennem en kort skrive\u00f8velse finder du dit eget personlige motiv. \n\nArrangementet veksler mellem f\u00e6lles oplevelser og tid til fordybelse med n\u00e5l og tr\u00e5d, mens Kris l\u00e6ser op undervej\n\nKUN 30 pladser! \n\n11. maj kl. 16.30-19.30. Billetter p\u00e5 frederiksborg.dk\n\n@foelsomt_broderi\n\n\ud83c\udf0e Join a 3-hour workshop with Kris from F\u00f8lsomt Broderi. Inspired by texts about longing and hope, you\u2019ll be guided in freehand embroidery without fixed patterns. No experience is needed\u2014and through a short writing exercise, you\u2019ll find your own personal motif.\n\nThe event alternates between shared experiences and time for immersion with needle and thread, while Kris reads aloud along the way.\n\nONLY 30 spots available! \n11 May at 4.30\u20137.30 PM. Tickets at frederiksborg.dk\" aria-hidden=\"true\">\n\t\t<\/a>\n\t<\/div>\n<\/div><div class=\"sbi_item sbi_type_image sbi_new sbi_transition\"\n\tid=\"sbi_17917526838360632\" data-date=\"1777359622\">\n\t<div class=\"sbi_photo_wrap\">\n\t\t<a class=\"sbi_photo\" href=\"https:\/\/www.instagram.com\/p\/DXqorpZD5r-\/\" target=\"_blank\" rel=\"noopener nofollow\"\n\t\t\tdata-full-res=\"https:\/\/scontent-mxp1-1.cdninstagram.com\/v\/t39.30808-6\/678409944_1596092739183953_7095590363207790399_n.jpg?stp=dst-jpg_e35_tt6&#038;_nc_cat=108&#038;ccb=7-5&#038;_nc_sid=18de74&#038;efg=eyJlZmdfdGFnIjoiRkVFRC5iZXN0X2ltYWdlX3VybGdlbi5DMyJ9&#038;_nc_ohc=HJmewtKFGoYQ7kNvwFU62GS&#038;_nc_oc=Adp9rTNV0UbhjXlyy0yM59T9I2wgxXIWQA7E-igm5YIOIkt3p6Yt_3fD1aGMEkhYlWs&#038;_nc_zt=23&#038;_nc_ht=scontent-mxp1-1.cdninstagram.com&#038;edm=ANo9K5cEAAAA&#038;_nc_gid=gwGNoDM7IhREkifZkDBrZw&#038;_nc_tpa=Q5bMBQEcpdi0TlLJH4B_513AgQX5RS-WW7mw1FxaoD2vqMkKqf-nLKhm8mgc35fJovdEdXuLHIZSyY4CDA&#038;oh=00_Af2kjJaVzDJiJMVEB0tU-BZLvggsDGVNrd301OliKihtYQ&#038;oe=69F7D5B8\"\n\t\t\tdata-img-src-set=\"{&quot;d&quot;:&quot;https:\\\/\\\/scontent-mxp1-1.cdninstagram.com\\\/v\\\/t39.30808-6\\\/678409944_1596092739183953_7095590363207790399_n.jpg?stp=dst-jpg_e35_tt6&amp;_nc_cat=108&amp;ccb=7-5&amp;_nc_sid=18de74&amp;efg=eyJlZmdfdGFnIjoiRkVFRC5iZXN0X2ltYWdlX3VybGdlbi5DMyJ9&amp;_nc_ohc=HJmewtKFGoYQ7kNvwFU62GS&amp;_nc_oc=Adp9rTNV0UbhjXlyy0yM59T9I2wgxXIWQA7E-igm5YIOIkt3p6Yt_3fD1aGMEkhYlWs&amp;_nc_zt=23&amp;_nc_ht=scontent-mxp1-1.cdninstagram.com&amp;edm=ANo9K5cEAAAA&amp;_nc_gid=gwGNoDM7IhREkifZkDBrZw&amp;_nc_tpa=Q5bMBQEcpdi0TlLJH4B_513AgQX5RS-WW7mw1FxaoD2vqMkKqf-nLKhm8mgc35fJovdEdXuLHIZSyY4CDA&amp;oh=00_Af2kjJaVzDJiJMVEB0tU-BZLvggsDGVNrd301OliKihtYQ&amp;oe=69F7D5B8&quot;,&quot;150&quot;:&quot;https:\\\/\\\/scontent-mxp1-1.cdninstagram.com\\\/v\\\/t39.30808-6\\\/678409944_1596092739183953_7095590363207790399_n.jpg?stp=dst-jpg_e35_tt6&amp;_nc_cat=108&amp;ccb=7-5&amp;_nc_sid=18de74&amp;efg=eyJlZmdfdGFnIjoiRkVFRC5iZXN0X2ltYWdlX3VybGdlbi5DMyJ9&amp;_nc_ohc=HJmewtKFGoYQ7kNvwFU62GS&amp;_nc_oc=Adp9rTNV0UbhjXlyy0yM59T9I2wgxXIWQA7E-igm5YIOIkt3p6Yt_3fD1aGMEkhYlWs&amp;_nc_zt=23&amp;_nc_ht=scontent-mxp1-1.cdninstagram.com&amp;edm=ANo9K5cEAAAA&amp;_nc_gid=gwGNoDM7IhREkifZkDBrZw&amp;_nc_tpa=Q5bMBQEcpdi0TlLJH4B_513AgQX5RS-WW7mw1FxaoD2vqMkKqf-nLKhm8mgc35fJovdEdXuLHIZSyY4CDA&amp;oh=00_Af2kjJaVzDJiJMVEB0tU-BZLvggsDGVNrd301OliKihtYQ&amp;oe=69F7D5B8&quot;,&quot;320&quot;:&quot;https:\\\/\\\/scontent-mxp1-1.cdninstagram.com\\\/v\\\/t39.30808-6\\\/678409944_1596092739183953_7095590363207790399_n.jpg?stp=dst-jpg_e35_tt6&amp;_nc_cat=108&amp;ccb=7-5&amp;_nc_sid=18de74&amp;efg=eyJlZmdfdGFnIjoiRkVFRC5iZXN0X2ltYWdlX3VybGdlbi5DMyJ9&amp;_nc_ohc=HJmewtKFGoYQ7kNvwFU62GS&amp;_nc_oc=Adp9rTNV0UbhjXlyy0yM59T9I2wgxXIWQA7E-igm5YIOIkt3p6Yt_3fD1aGMEkhYlWs&amp;_nc_zt=23&amp;_nc_ht=scontent-mxp1-1.cdninstagram.com&amp;edm=ANo9K5cEAAAA&amp;_nc_gid=gwGNoDM7IhREkifZkDBrZw&amp;_nc_tpa=Q5bMBQEcpdi0TlLJH4B_513AgQX5RS-WW7mw1FxaoD2vqMkKqf-nLKhm8mgc35fJovdEdXuLHIZSyY4CDA&amp;oh=00_Af2kjJaVzDJiJMVEB0tU-BZLvggsDGVNrd301OliKihtYQ&amp;oe=69F7D5B8&quot;,&quot;640&quot;:&quot;https:\\\/\\\/scontent-mxp1-1.cdninstagram.com\\\/v\\\/t39.30808-6\\\/678409944_1596092739183953_7095590363207790399_n.jpg?stp=dst-jpg_e35_tt6&amp;_nc_cat=108&amp;ccb=7-5&amp;_nc_sid=18de74&amp;efg=eyJlZmdfdGFnIjoiRkVFRC5iZXN0X2ltYWdlX3VybGdlbi5DMyJ9&amp;_nc_ohc=HJmewtKFGoYQ7kNvwFU62GS&amp;_nc_oc=Adp9rTNV0UbhjXlyy0yM59T9I2wgxXIWQA7E-igm5YIOIkt3p6Yt_3fD1aGMEkhYlWs&amp;_nc_zt=23&amp;_nc_ht=scontent-mxp1-1.cdninstagram.com&amp;edm=ANo9K5cEAAAA&amp;_nc_gid=gwGNoDM7IhREkifZkDBrZw&amp;_nc_tpa=Q5bMBQEcpdi0TlLJH4B_513AgQX5RS-WW7mw1FxaoD2vqMkKqf-nLKhm8mgc35fJovdEdXuLHIZSyY4CDA&amp;oh=00_Af2kjJaVzDJiJMVEB0tU-BZLvggsDGVNrd301OliKihtYQ&amp;oe=69F7D5B8&quot;}\">\n\t\t\t<span class=\"sbi-screenreader\">28. april 1772 blev den sidste dag i Johann Friedr<\/span>\n\t\t\t\t\t\t\t\t\t<img decoding=\"async\" src=\"https:\/\/frederiksborg.dk\/wp-content\/plugins\/instagram-feed\/img\/placeholder.png\" alt=\"28. april 1772 blev den sidste dag i Johann Friedrich Struensees liv. Hovedet, som du ser her, blev i dag for 254 \u00e5r siden hugget af og skilt fra kroppen. Forinden, mens Struensee levede, blev h\u00f8jre h\u00e5nd hugget af. Og hans adelsv\u00e5ben brudt i stykker. Struensee havde kr\u00e6nket majest\u00e6ten, ikke blot ved at g\u00e5 i seng med dronningen, men ogs\u00e5 ved at forgribe sig p\u00e5 kongens enev\u00e6ldige magt.\nC.A. Lorentzens portr\u00e6t af livl\u00e6gen, reformatoren og dronningens elsker kan du se i stue 50 p\u00e5 Frederiksborg.\n\n\ud83c\udf0f28 April 1772 was the last day of Johann Friedrich Struensee\u2019s life. The head you see here was severed from the body on this day 254 years ago. Before that, while Struensee was still alive, his right hand was cut off, and his coat of arms broken to pieces. Struensee had offended the king \u2014 not only by sleeping with the queen, but also by usurping the king\u2019s absolute power.\nC.A. Lorentzen\u2019s portrait of the physician, reformer, and the queen\u2019s lover can be seen in Room 50 at Frederiksborg.\" aria-hidden=\"true\">\n\t\t<\/a>\n\t<\/div>\n<\/div><div class=\"sbi_item sbi_type_carousel sbi_new sbi_transition\"\n\tid=\"sbi_18026144315814475\" data-date=\"1777100454\">\n\t<div class=\"sbi_photo_wrap\">\n\t\t<a class=\"sbi_photo\" href=\"https:\/\/www.instagram.com\/p\/DXi6XGlFs23\/\" target=\"_blank\" rel=\"noopener nofollow\"\n\t\t\tdata-full-res=\"https:\/\/scontent-mxp1-1.cdninstagram.com\/v\/t39.30808-6\/679112662_1596850115774882_6401729833219534231_n.jpg?stp=dst-jpg_e35_tt6&#038;_nc_cat=107&#038;ccb=7-5&#038;_nc_sid=18de74&#038;efg=eyJlZmdfdGFnIjoiQ0FST1VTRUxfSVRFTS5iZXN0X2ltYWdlX3VybGdlbi5DMyJ9&#038;_nc_ohc=GdPT2oXryi0Q7kNvwEOfyaB&#038;_nc_oc=AdpCENVqexCisxezEtRfbjC_76CIIyHeuS1UJga75RbfL4U63KsMFa7ZhsKAlJJqsbE&#038;_nc_zt=23&#038;_nc_ht=scontent-mxp1-1.cdninstagram.com&#038;edm=ANo9K5cEAAAA&#038;_nc_gid=gwGNoDM7IhREkifZkDBrZw&#038;_nc_tpa=Q5bMBQF6THQvWnbKUI-gBSnwIqMSS256fl-ziQWGK3LK3ZdMyUrhdUtfAfEF-AGwiHPll8VwC1wGRI5P2g&#038;oh=00_Af0hOcbg9RJhkSVKhYPLg2RjrPLrjCo73BCIpMP5DedXCg&#038;oe=69F7CD0D\"\n\t\t\tdata-img-src-set=\"{&quot;d&quot;:&quot;https:\\\/\\\/scontent-mxp1-1.cdninstagram.com\\\/v\\\/t39.30808-6\\\/679112662_1596850115774882_6401729833219534231_n.jpg?stp=dst-jpg_e35_tt6&amp;_nc_cat=107&amp;ccb=7-5&amp;_nc_sid=18de74&amp;efg=eyJlZmdfdGFnIjoiQ0FST1VTRUxfSVRFTS5iZXN0X2ltYWdlX3VybGdlbi5DMyJ9&amp;_nc_ohc=GdPT2oXryi0Q7kNvwEOfyaB&amp;_nc_oc=AdpCENVqexCisxezEtRfbjC_76CIIyHeuS1UJga75RbfL4U63KsMFa7ZhsKAlJJqsbE&amp;_nc_zt=23&amp;_nc_ht=scontent-mxp1-1.cdninstagram.com&amp;edm=ANo9K5cEAAAA&amp;_nc_gid=gwGNoDM7IhREkifZkDBrZw&amp;_nc_tpa=Q5bMBQF6THQvWnbKUI-gBSnwIqMSS256fl-ziQWGK3LK3ZdMyUrhdUtfAfEF-AGwiHPll8VwC1wGRI5P2g&amp;oh=00_Af0hOcbg9RJhkSVKhYPLg2RjrPLrjCo73BCIpMP5DedXCg&amp;oe=69F7CD0D&quot;,&quot;150&quot;:&quot;https:\\\/\\\/scontent-mxp1-1.cdninstagram.com\\\/v\\\/t39.30808-6\\\/679112662_1596850115774882_6401729833219534231_n.jpg?stp=dst-jpg_e35_tt6&amp;_nc_cat=107&amp;ccb=7-5&amp;_nc_sid=18de74&amp;efg=eyJlZmdfdGFnIjoiQ0FST1VTRUxfSVRFTS5iZXN0X2ltYWdlX3VybGdlbi5DMyJ9&amp;_nc_ohc=GdPT2oXryi0Q7kNvwEOfyaB&amp;_nc_oc=AdpCENVqexCisxezEtRfbjC_76CIIyHeuS1UJga75RbfL4U63KsMFa7ZhsKAlJJqsbE&amp;_nc_zt=23&amp;_nc_ht=scontent-mxp1-1.cdninstagram.com&amp;edm=ANo9K5cEAAAA&amp;_nc_gid=gwGNoDM7IhREkifZkDBrZw&amp;_nc_tpa=Q5bMBQF6THQvWnbKUI-gBSnwIqMSS256fl-ziQWGK3LK3ZdMyUrhdUtfAfEF-AGwiHPll8VwC1wGRI5P2g&amp;oh=00_Af0hOcbg9RJhkSVKhYPLg2RjrPLrjCo73BCIpMP5DedXCg&amp;oe=69F7CD0D&quot;,&quot;320&quot;:&quot;https:\\\/\\\/scontent-mxp1-1.cdninstagram.com\\\/v\\\/t39.30808-6\\\/679112662_1596850115774882_6401729833219534231_n.jpg?stp=dst-jpg_e35_tt6&amp;_nc_cat=107&amp;ccb=7-5&amp;_nc_sid=18de74&amp;efg=eyJlZmdfdGFnIjoiQ0FST1VTRUxfSVRFTS5iZXN0X2ltYWdlX3VybGdlbi5DMyJ9&amp;_nc_ohc=GdPT2oXryi0Q7kNvwEOfyaB&amp;_nc_oc=AdpCENVqexCisxezEtRfbjC_76CIIyHeuS1UJga75RbfL4U63KsMFa7ZhsKAlJJqsbE&amp;_nc_zt=23&amp;_nc_ht=scontent-mxp1-1.cdninstagram.com&amp;edm=ANo9K5cEAAAA&amp;_nc_gid=gwGNoDM7IhREkifZkDBrZw&amp;_nc_tpa=Q5bMBQF6THQvWnbKUI-gBSnwIqMSS256fl-ziQWGK3LK3ZdMyUrhdUtfAfEF-AGwiHPll8VwC1wGRI5P2g&amp;oh=00_Af0hOcbg9RJhkSVKhYPLg2RjrPLrjCo73BCIpMP5DedXCg&amp;oe=69F7CD0D&quot;,&quot;640&quot;:&quot;https:\\\/\\\/scontent-mxp1-1.cdninstagram.com\\\/v\\\/t39.30808-6\\\/679112662_1596850115774882_6401729833219534231_n.jpg?stp=dst-jpg_e35_tt6&amp;_nc_cat=107&amp;ccb=7-5&amp;_nc_sid=18de74&amp;efg=eyJlZmdfdGFnIjoiQ0FST1VTRUxfSVRFTS5iZXN0X2ltYWdlX3VybGdlbi5DMyJ9&amp;_nc_ohc=GdPT2oXryi0Q7kNvwEOfyaB&amp;_nc_oc=AdpCENVqexCisxezEtRfbjC_76CIIyHeuS1UJga75RbfL4U63KsMFa7ZhsKAlJJqsbE&amp;_nc_zt=23&amp;_nc_ht=scontent-mxp1-1.cdninstagram.com&amp;edm=ANo9K5cEAAAA&amp;_nc_gid=gwGNoDM7IhREkifZkDBrZw&amp;_nc_tpa=Q5bMBQF6THQvWnbKUI-gBSnwIqMSS256fl-ziQWGK3LK3ZdMyUrhdUtfAfEF-AGwiHPll8VwC1wGRI5P2g&amp;oh=00_Af0hOcbg9RJhkSVKhYPLg2RjrPLrjCo73BCIpMP5DedXCg&amp;oe=69F7CD0D&quot;}\">\n\t\t\t<span class=\"sbi-screenreader\">\u2665\ufe0f\u2665\ufe0f\u2665\ufe0f\u2665\ufe0f\u2665\ufe0f i Politiken til &#039;GOBELIN - I tr\u00e5d med t<\/span>\n\t\t\t<svg class=\"svg-inline--fa fa-clone fa-w-16 sbi_lightbox_carousel_icon\" aria-hidden=\"true\" aria-label=\"Clone\" data-fa-pro\u0192cessed=\"\" data-prefix=\"far\" data-icon=\"clone\" role=\"img\" xmlns=\"http:\/\/www.w3.org\/2000\/svg\" viewBox=\"0 0 512 512\">\n                    <path fill=\"currentColor\" d=\"M464 0H144c-26.51 0-48 21.49-48 48v48H48c-26.51 0-48 21.49-48 48v320c0 26.51 21.49 48 48 48h320c26.51 0 48-21.49 48-48v-48h48c26.51 0 48-21.49 48-48V48c0-26.51-21.49-48-48-48zM362 464H54a6 6 0 0 1-6-6V150a6 6 0 0 1 6-6h42v224c0 26.51 21.49 48 48 48h224v42a6 6 0 0 1-6 6zm96-96H150a6 6 0 0 1-6-6V54a6 6 0 0 1 6-6h308a6 6 0 0 1 6 6v308a6 6 0 0 1-6 6z\"><\/path>\n                <\/svg>\t\t\t\t\t\t<img decoding=\"async\" src=\"https:\/\/frederiksborg.dk\/wp-content\/plugins\/instagram-feed\/img\/placeholder.png\" alt=\"\u2665\ufe0f\u2665\ufe0f\u2665\ufe0f\u2665\ufe0f\u2665\ufe0f i Politiken til &#039;GOBELIN - I tr\u00e5d med tiden&#039;! \n\nSe udstillingen, der fort\u00e6ller om kvinderne, der i 28 \u00e5r sad ved v\u00e6vene og skabte de overd\u00e5dige gobeliner til Riddersalen.\nDet er fort\u00e6llingen om h\u00e5ndv\u00e6rk, f\u00e6llesskab, kvindekamp \u2013 og om hvordan de samtidig formede en moderne arbejdsplads.\n\n\ud83c\udf0e Explore the exhibition that tells the story of the women who spent 28 years at the looms, creating the magnificent tapestries for the Great Hall.\nIt\u2019s a story of craftsmanship, community, women\u2019s struggle \u2013 and how they simultaneously shaped a modern workplace.\" aria-hidden=\"true\">\n\t\t<\/a>\n\t<\/div>\n<\/div><div class=\"sbi_item sbi_type_image sbi_new sbi_transition\"\n\tid=\"sbi_18062456378418463\" data-date=\"1777014060\">\n\t<div class=\"sbi_photo_wrap\">\n\t\t<a class=\"sbi_photo\" href=\"https:\/\/www.instagram.com\/p\/DXgVk4gGHwZ\/\" target=\"_blank\" rel=\"noopener nofollow\"\n\t\t\tdata-full-res=\"https:\/\/scontent-mxp1-1.cdninstagram.com\/v\/t39.30808-6\/674699430_1596073425852551_3474842296053679112_n.jpg?stp=dst-jpg_e35_tt6&#038;_nc_cat=107&#038;ccb=7-5&#038;_nc_sid=18de74&#038;efg=eyJlZmdfdGFnIjoiRkVFRC5iZXN0X2ltYWdlX3VybGdlbi5DMyJ9&#038;_nc_ohc=7yAjexuYAyAQ7kNvwG2D0Np&#038;_nc_oc=Adr230RFGi_5lByu94egUy0kRS42bfH1UQcSZfgQ5OWXfRkYEuBK9-o36xZ76OkdjPI&#038;_nc_zt=23&#038;_nc_ht=scontent-mxp1-1.cdninstagram.com&#038;edm=ANo9K5cEAAAA&#038;_nc_gid=gwGNoDM7IhREkifZkDBrZw&#038;_nc_tpa=Q5bMBQGt5cz0nb0-epwm6fyuopVkSqcl5ztA8lG1YonJEISF7IQoLrwj5HAArO5mZGw6QWjr33Vf7dzuKQ&#038;oh=00_Af2TDN7NoUAOQDCyLJVyXnN17dXlUUzti9JXl9_aPXCzUw&#038;oe=69F7D1D1\"\n\t\t\tdata-img-src-set=\"{&quot;d&quot;:&quot;https:\\\/\\\/scontent-mxp1-1.cdninstagram.com\\\/v\\\/t39.30808-6\\\/674699430_1596073425852551_3474842296053679112_n.jpg?stp=dst-jpg_e35_tt6&amp;_nc_cat=107&amp;ccb=7-5&amp;_nc_sid=18de74&amp;efg=eyJlZmdfdGFnIjoiRkVFRC5iZXN0X2ltYWdlX3VybGdlbi5DMyJ9&amp;_nc_ohc=7yAjexuYAyAQ7kNvwG2D0Np&amp;_nc_oc=Adr230RFGi_5lByu94egUy0kRS42bfH1UQcSZfgQ5OWXfRkYEuBK9-o36xZ76OkdjPI&amp;_nc_zt=23&amp;_nc_ht=scontent-mxp1-1.cdninstagram.com&amp;edm=ANo9K5cEAAAA&amp;_nc_gid=gwGNoDM7IhREkifZkDBrZw&amp;_nc_tpa=Q5bMBQGt5cz0nb0-epwm6fyuopVkSqcl5ztA8lG1YonJEISF7IQoLrwj5HAArO5mZGw6QWjr33Vf7dzuKQ&amp;oh=00_Af2TDN7NoUAOQDCyLJVyXnN17dXlUUzti9JXl9_aPXCzUw&amp;oe=69F7D1D1&quot;,&quot;150&quot;:&quot;https:\\\/\\\/scontent-mxp1-1.cdninstagram.com\\\/v\\\/t39.30808-6\\\/674699430_1596073425852551_3474842296053679112_n.jpg?stp=dst-jpg_e35_tt6&amp;_nc_cat=107&amp;ccb=7-5&amp;_nc_sid=18de74&amp;efg=eyJlZmdfdGFnIjoiRkVFRC5iZXN0X2ltYWdlX3VybGdlbi5DMyJ9&amp;_nc_ohc=7yAjexuYAyAQ7kNvwG2D0Np&amp;_nc_oc=Adr230RFGi_5lByu94egUy0kRS42bfH1UQcSZfgQ5OWXfRkYEuBK9-o36xZ76OkdjPI&amp;_nc_zt=23&amp;_nc_ht=scontent-mxp1-1.cdninstagram.com&amp;edm=ANo9K5cEAAAA&amp;_nc_gid=gwGNoDM7IhREkifZkDBrZw&amp;_nc_tpa=Q5bMBQGt5cz0nb0-epwm6fyuopVkSqcl5ztA8lG1YonJEISF7IQoLrwj5HAArO5mZGw6QWjr33Vf7dzuKQ&amp;oh=00_Af2TDN7NoUAOQDCyLJVyXnN17dXlUUzti9JXl9_aPXCzUw&amp;oe=69F7D1D1&quot;,&quot;320&quot;:&quot;https:\\\/\\\/scontent-mxp1-1.cdninstagram.com\\\/v\\\/t39.30808-6\\\/674699430_1596073425852551_3474842296053679112_n.jpg?stp=dst-jpg_e35_tt6&amp;_nc_cat=107&amp;ccb=7-5&amp;_nc_sid=18de74&amp;efg=eyJlZmdfdGFnIjoiRkVFRC5iZXN0X2ltYWdlX3VybGdlbi5DMyJ9&amp;_nc_ohc=7yAjexuYAyAQ7kNvwG2D0Np&amp;_nc_oc=Adr230RFGi_5lByu94egUy0kRS42bfH1UQcSZfgQ5OWXfRkYEuBK9-o36xZ76OkdjPI&amp;_nc_zt=23&amp;_nc_ht=scontent-mxp1-1.cdninstagram.com&amp;edm=ANo9K5cEAAAA&amp;_nc_gid=gwGNoDM7IhREkifZkDBrZw&amp;_nc_tpa=Q5bMBQGt5cz0nb0-epwm6fyuopVkSqcl5ztA8lG1YonJEISF7IQoLrwj5HAArO5mZGw6QWjr33Vf7dzuKQ&amp;oh=00_Af2TDN7NoUAOQDCyLJVyXnN17dXlUUzti9JXl9_aPXCzUw&amp;oe=69F7D1D1&quot;,&quot;640&quot;:&quot;https:\\\/\\\/scontent-mxp1-1.cdninstagram.com\\\/v\\\/t39.30808-6\\\/674699430_1596073425852551_3474842296053679112_n.jpg?stp=dst-jpg_e35_tt6&amp;_nc_cat=107&amp;ccb=7-5&amp;_nc_sid=18de74&amp;efg=eyJlZmdfdGFnIjoiRkVFRC5iZXN0X2ltYWdlX3VybGdlbi5DMyJ9&amp;_nc_ohc=7yAjexuYAyAQ7kNvwG2D0Np&amp;_nc_oc=Adr230RFGi_5lByu94egUy0kRS42bfH1UQcSZfgQ5OWXfRkYEuBK9-o36xZ76OkdjPI&amp;_nc_zt=23&amp;_nc_ht=scontent-mxp1-1.cdninstagram.com&amp;edm=ANo9K5cEAAAA&amp;_nc_gid=gwGNoDM7IhREkifZkDBrZw&amp;_nc_tpa=Q5bMBQGt5cz0nb0-epwm6fyuopVkSqcl5ztA8lG1YonJEISF7IQoLrwj5HAArO5mZGw6QWjr33Vf7dzuKQ&amp;oh=00_Af2TDN7NoUAOQDCyLJVyXnN17dXlUUzti9JXl9_aPXCzUw&amp;oe=69F7D1D1&quot;}\">\n\t\t\t<span class=\"sbi-screenreader\">I 1912 overvejede Frederiksborg at standse det sto<\/span>\n\t\t\t\t\t\t\t\t\t<img decoding=\"async\" src=\"https:\/\/frederiksborg.dk\/wp-content\/plugins\/instagram-feed\/img\/placeholder.png\" alt=\"I 1912 overvejede Frederiksborg at standse det store og kostbare gobelinprojekt midtvejs. Gobelinerne til Riddersalen falmede. Det fornemme garn fra Paris viste sig ikke at v\u00e6re lys\u00e6gte. \n\ud83c\udf1eI vores udstilling og i denne uges episode af PORTR\u00c6T fort\u00e6ller vi om samarbejdet med den nationale franske gobelinfabrik i Paris, om problemerne p\u00e5 gobelinfabrikkens farveri, og om det store farvedrama, der kulminerede i 1912, hvor samarbejdet oph\u00f8rte mellem Frederiksborg og La Manufacture des Gobelins. Find podcasten p\u00e5 Frederiksborg.dk eller der hvor du normalt finder dine podcast\ud83c\udfa7 \n\n\ud83c\udf0fIn 1912, Frederiksborg considered shutting down the large and costly tapestry project midway. The tapestries for the Great Hall were fading. The fine yarn from Paris proved not to be lightfast.\n\ud83c\udf1eOne of the stories in our exhibition - and in the book due out in English in a couple of months - is that of the collaboration with the Manufacture des Gobelins, the problems in the dye works, and the major colour controversy that culminated in 1912, when the collaboration between Frederiksborg and Les Gobelins came to an end.\n(photo: Jonathan Damslund)\" aria-hidden=\"true\">\n\t\t<\/a>\n\t<\/div>\n<\/div>\t<\/div>\n\n\t<div id=\"sbi_load\" >\n\n\t\n\t\n<\/div>\n\t\t<span class=\"sbi_resized_image_data\" data-feed-id=\"*1\"\n\t\t  data-resized=\"{&quot;18062456378418463&quot;:{&quot;id&quot;:&quot;674699430_1596073425852551_3474842296053679112_n&quot;,&quot;ratio&quot;:&quot;1.50&quot;,&quot;sizes&quot;:{&quot;full&quot;:640,&quot;low&quot;:320,&quot;thumb&quot;:150},&quot;extension&quot;:&quot;.webp&quot;},&quot;18026144315814475&quot;:{&quot;id&quot;:&quot;679112662_1596850115774882_6401729833219534231_n&quot;,&quot;ratio&quot;:&quot;0.80&quot;,&quot;sizes&quot;:{&quot;full&quot;:640,&quot;low&quot;:320,&quot;thumb&quot;:150},&quot;extension&quot;:&quot;.webp&quot;},&quot;17917526838360632&quot;:{&quot;id&quot;:&quot;678409944_1596092739183953_7095590363207790399_n&quot;,&quot;ratio&quot;:&quot;0.80&quot;,&quot;sizes&quot;:{&quot;full&quot;:640,&quot;low&quot;:320,&quot;thumb&quot;:150},&quot;extension&quot;:&quot;.webp&quot;},&quot;18014997515687171&quot;:{&quot;id&quot;:&quot;684997396_1601633878629839_612569027168306071_n&quot;,&quot;ratio&quot;:&quot;1.00&quot;,&quot;sizes&quot;:{&quot;full&quot;:640,&quot;low&quot;:320,&quot;thumb&quot;:150},&quot;extension&quot;:&quot;.webp&quot;}}\">\n\t<\/span>\n\t<\/div>\n\n            <\/div>\n                    <\/div>\n    <\/div>\n<\/div>\n\t\n<\/section>\n","protected":false},"excerpt":{"rendered":"<p>Castle &#038; Museum Explore magnificent staterooms and halls as well as the Danish National Portrait Gallery. Open every day \u2013 365 days a year! Find your way What to see The Castle Read more The Museum Read more The Castle Gardens Read more Exhibitions 09\/02 2024 &#8211; 03\/07 2028 Gods Recreated Special exhibition showcases the [&hellip;]<\/p>\n","protected":false},"author":3,"featured_media":97188,"parent":0,"menu_order":0,"comment_status":"open","ping_status":"closed","template":"template-forside.php","meta":{"_acf_changed":false,"_relevanssi_hide_post":"","_relevanssi_hide_content":"","_relevanssi_pin_for_all":"","_relevanssi_pin_keywords":"","_relevanssi_unpin_keywords":"","_relevanssi_related_keywords":"","_relevanssi_related_include_ids":"","_relevanssi_related_exclude_ids":"","_relevanssi_related_no_append":"","_relevanssi_related_not_related":"","_relevanssi_related_posts":"","_relevanssi_noindex_reason":"","footnotes":""},"class_list":["post-22282","page","type-page","status-publish","has-post-thumbnail","hentry"],"acf":[],"yoast_head":"<!-- This site is optimized with the Yoast SEO plugin v27.3 - https:\/\/yoast.com\/product\/yoast-seo-wordpress\/ -->\n<title>Frederiksborg - The Museum of National History<\/title>\n<meta name=\"description\" content=\"A tour through the museum&#039;s beautiful rooms is an encounter with royals, nobles, the bourgeois, events and epochs, which have all shaped Danish history.\" \/>\n<meta name=\"robots\" content=\"index, follow, max-snippet:-1, max-image-preview:large, max-video-preview:-1\" \/>\n<link rel=\"canonical\" href=\"https:\/\/frederiksborg.dk\/en\/\" \/>\n<meta property=\"og:locale\" content=\"en_US\" \/>\n<meta property=\"og:type\" content=\"article\" \/>\n<meta property=\"og:title\" content=\"Frederiksborg - The Museum of National History\" \/>\n<meta property=\"og:description\" content=\"A tour through the museum&#039;s beautiful rooms is an encounter with royals, nobles, the bourgeois, events and epochs, which have all shaped Danish history.\" \/>\n<meta property=\"og:url\" content=\"https:\/\/frederiksborg.dk\/en\/\" \/>\n<meta property=\"og:site_name\" content=\"Frederiksborg\" \/>\n<meta property=\"article:modified_time\" content=\"2025-11-28T12:52:21+00:00\" \/>\n<meta property=\"og:image\" content=\"https:\/\/frederiksborg.dk\/wp-content\/uploads\/2022\/12\/Loengangen.-Foto-Kira-Ursem-e1731577337210-1600x1280.jpg\" \/>\n\t<meta property=\"og:image:width\" content=\"1600\" \/>\n\t<meta property=\"og:image:height\" content=\"1280\" \/>\n\t<meta property=\"og:image:type\" content=\"image\/jpeg\" \/>\n<meta name=\"twitter:card\" content=\"summary_large_image\" \/>\n<meta name=\"twitter:label1\" content=\"Est. reading time\" \/>\n\t<meta name=\"twitter:data1\" content=\"1 minute\" \/>\n<script type=\"application\/ld+json\" class=\"yoast-schema-graph\">{\"@context\":\"https:\\\/\\\/schema.org\",\"@graph\":[{\"@type\":\"WebPage\",\"@id\":\"https:\\\/\\\/frederiksborg.dk\\\/en\\\/\",\"url\":\"https:\\\/\\\/frederiksborg.dk\\\/en\\\/\",\"name\":\"Frederiksborg - The Museum of National History\",\"isPartOf\":{\"@id\":\"https:\\\/\\\/frederiksborg.dk\\\/#website\"},\"primaryImageOfPage\":{\"@id\":\"https:\\\/\\\/frederiksborg.dk\\\/en\\\/#primaryimage\"},\"image\":{\"@id\":\"https:\\\/\\\/frederiksborg.dk\\\/en\\\/#primaryimage\"},\"thumbnailUrl\":\"https:\\\/\\\/frederiksborg.dk\\\/wp-content\\\/uploads\\\/2022\\\/12\\\/Loengangen.-Foto-Kira-Ursem-e1731577337210.jpg\",\"datePublished\":\"2018-03-20T16:15:56+00:00\",\"dateModified\":\"2025-11-28T12:52:21+00:00\",\"description\":\"A tour through the museum's beautiful rooms is an encounter with royals, nobles, the bourgeois, events and epochs, which have all shaped Danish history.\",\"breadcrumb\":{\"@id\":\"https:\\\/\\\/frederiksborg.dk\\\/en\\\/#breadcrumb\"},\"inLanguage\":\"en-US\",\"potentialAction\":[{\"@type\":\"ReadAction\",\"target\":[\"https:\\\/\\\/frederiksborg.dk\\\/en\\\/\"]}]},{\"@type\":\"ImageObject\",\"inLanguage\":\"en-US\",\"@id\":\"https:\\\/\\\/frederiksborg.dk\\\/en\\\/#primaryimage\",\"url\":\"https:\\\/\\\/frederiksborg.dk\\\/wp-content\\\/uploads\\\/2022\\\/12\\\/Loengangen.-Foto-Kira-Ursem-e1731577337210.jpg\",\"contentUrl\":\"https:\\\/\\\/frederiksborg.dk\\\/wp-content\\\/uploads\\\/2022\\\/12\\\/Loengangen.-Foto-Kira-Ursem-e1731577337210.jpg\",\"width\":5653,\"height\":4522},{\"@type\":\"BreadcrumbList\",\"@id\":\"https:\\\/\\\/frederiksborg.dk\\\/en\\\/#breadcrumb\",\"itemListElement\":[{\"@type\":\"ListItem\",\"position\":1,\"name\":\"Hjem\",\"item\":\"https:\\\/\\\/frederiksborg.dk\\\/en\\\/\"},{\"@type\":\"ListItem\",\"position\":2,\"name\":\"Home\"}]},{\"@type\":\"WebSite\",\"@id\":\"https:\\\/\\\/frederiksborg.dk\\\/#website\",\"url\":\"https:\\\/\\\/frederiksborg.dk\\\/\",\"name\":\"Frederiksborg\",\"description\":\"Frederiksborg \u2219 Nationalhistorisk Museum\",\"potentialAction\":[{\"@type\":\"SearchAction\",\"target\":{\"@type\":\"EntryPoint\",\"urlTemplate\":\"https:\\\/\\\/frederiksborg.dk\\\/?s={search_term_string}\"},\"query-input\":{\"@type\":\"PropertyValueSpecification\",\"valueRequired\":true,\"valueName\":\"search_term_string\"}}],\"inLanguage\":\"en-US\"}]}<\/script>\n<!-- \/ Yoast SEO plugin. -->","yoast_head_json":{"title":"Frederiksborg - The Museum of National History","description":"A tour through the museum's beautiful rooms is an encounter with royals, nobles, the bourgeois, events and epochs, which have all shaped Danish history.","robots":{"index":"index","follow":"follow","max-snippet":"max-snippet:-1","max-image-preview":"max-image-preview:large","max-video-preview":"max-video-preview:-1"},"canonical":"https:\/\/frederiksborg.dk\/en\/","og_locale":"en_US","og_type":"article","og_title":"Frederiksborg - The Museum of National History","og_description":"A tour through the museum's beautiful rooms is an encounter with royals, nobles, the bourgeois, events and epochs, which have all shaped Danish history.","og_url":"https:\/\/frederiksborg.dk\/en\/","og_site_name":"Frederiksborg","article_modified_time":"2025-11-28T12:52:21+00:00","og_image":[{"width":1600,"height":1280,"url":"https:\/\/frederiksborg.dk\/wp-content\/uploads\/2022\/12\/Loengangen.-Foto-Kira-Ursem-e1731577337210-1600x1280.jpg","type":"image\/jpeg"}],"twitter_card":"summary_large_image","twitter_misc":{"Est. reading time":"1 minute"},"schema":{"@context":"https:\/\/schema.org","@graph":[{"@type":"WebPage","@id":"https:\/\/frederiksborg.dk\/en\/","url":"https:\/\/frederiksborg.dk\/en\/","name":"Frederiksborg - The Museum of National History","isPartOf":{"@id":"https:\/\/frederiksborg.dk\/#website"},"primaryImageOfPage":{"@id":"https:\/\/frederiksborg.dk\/en\/#primaryimage"},"image":{"@id":"https:\/\/frederiksborg.dk\/en\/#primaryimage"},"thumbnailUrl":"https:\/\/frederiksborg.dk\/wp-content\/uploads\/2022\/12\/Loengangen.-Foto-Kira-Ursem-e1731577337210.jpg","datePublished":"2018-03-20T16:15:56+00:00","dateModified":"2025-11-28T12:52:21+00:00","description":"A tour through the museum's beautiful rooms is an encounter with royals, nobles, the bourgeois, events and epochs, which have all shaped Danish history.","breadcrumb":{"@id":"https:\/\/frederiksborg.dk\/en\/#breadcrumb"},"inLanguage":"en-US","potentialAction":[{"@type":"ReadAction","target":["https:\/\/frederiksborg.dk\/en\/"]}]},{"@type":"ImageObject","inLanguage":"en-US","@id":"https:\/\/frederiksborg.dk\/en\/#primaryimage","url":"https:\/\/frederiksborg.dk\/wp-content\/uploads\/2022\/12\/Loengangen.-Foto-Kira-Ursem-e1731577337210.jpg","contentUrl":"https:\/\/frederiksborg.dk\/wp-content\/uploads\/2022\/12\/Loengangen.-Foto-Kira-Ursem-e1731577337210.jpg","width":5653,"height":4522},{"@type":"BreadcrumbList","@id":"https:\/\/frederiksborg.dk\/en\/#breadcrumb","itemListElement":[{"@type":"ListItem","position":1,"name":"Hjem","item":"https:\/\/frederiksborg.dk\/en\/"},{"@type":"ListItem","position":2,"name":"Home"}]},{"@type":"WebSite","@id":"https:\/\/frederiksborg.dk\/#website","url":"https:\/\/frederiksborg.dk\/","name":"Frederiksborg","description":"Frederiksborg \u2219 Nationalhistorisk Museum","potentialAction":[{"@type":"SearchAction","target":{"@type":"EntryPoint","urlTemplate":"https:\/\/frederiksborg.dk\/?s={search_term_string}"},"query-input":{"@type":"PropertyValueSpecification","valueRequired":true,"valueName":"search_term_string"}}],"inLanguage":"en-US"}]}},"_links":{"self":[{"href":"https:\/\/frederiksborg.dk\/en\/wp-json\/wp\/v2\/pages\/22282","targetHints":{"allow":["GET"]}}],"collection":[{"href":"https:\/\/frederiksborg.dk\/en\/wp-json\/wp\/v2\/pages"}],"about":[{"href":"https:\/\/frederiksborg.dk\/en\/wp-json\/wp\/v2\/types\/page"}],"author":[{"embeddable":true,"href":"https:\/\/frederiksborg.dk\/en\/wp-json\/wp\/v2\/users\/3"}],"replies":[{"embeddable":true,"href":"https:\/\/frederiksborg.dk\/en\/wp-json\/wp\/v2\/comments?post=22282"}],"version-history":[{"count":0,"href":"https:\/\/frederiksborg.dk\/en\/wp-json\/wp\/v2\/pages\/22282\/revisions"}],"wp:featuredmedia":[{"embeddable":true,"href":"https:\/\/frederiksborg.dk\/en\/wp-json\/wp\/v2\/media\/97188"}],"wp:attachment":[{"href":"https:\/\/frederiksborg.dk\/en\/wp-json\/wp\/v2\/media?parent=22282"}],"curies":[{"name":"wp","href":"https:\/\/api.w.org\/{rel}","templated":true}]}}