{"id":22286,"date":"2014-04-30T10:42:42","date_gmt":"2014-04-30T08:42:42","guid":{"rendered":"https:\/\/frederiksborg.dk\/forside\/"},"modified":"2025-09-02T09:42:36","modified_gmt":"2025-09-02T07:42:36","slug":"forside-2-2-2-2-2-2-2","status":"publish","type":"page","link":"https:\/\/frederiksborg.dk\/de\/","title":{"rendered":"Forside"},"content":{"rendered":"<section id=\"hero\" class=\"\">\n\t<div class=\"row\" data-menu-color=\"white\">\n\t\t<div class=\"col-12\" style=\"background-image:url('https:\/\/frederiksborg.dk\/wp-content\/uploads\/2025\/09\/Frederiksborg-Slot-3-1600x900.jpg');\">\n\t\t\t<div class=\"row flex v-center h-center\">\n\t\t\t\t<div class=\"col-6\">\n\t\t\t\t\t\t\t\t\t\t\t\t\t\t\t<div class=\"content text-white\" style=\"\"><p>Willkommen!<br \/>\nErforschen Sie pr\u00e4chtige Kabinen und Hallen sowie die D\u00e4nische Nationalgalerie f\u00fcr Portr\u00e4tmalerei!<br \/>\nDer direkteste Weg nach Frederiksborg ist die Fahrt mit der A-Linie der S-Bahn.<\/p>\n<\/div>\t\t\t\t\t\t\t\t\t\t<a href=\"https:\/\/frederiksborg.dk\/de\/anfahrt-und-parken\/\" target=\"\" class=\"button white\">Anfahrt und Parken<\/a>\n\t\t\t\t\t\t\t\t\t<\/div>\n\t\t\t<\/div>\n\t\t<\/div>\n\t<\/div>\n\t<\/section>\n<section id=\"secondary-content\">\n\n\t<div class=\"happenings\">\n<div class=\"content-wrapper\">\n  <div class=\"happening-row\">\n    <div class=\"row\">\n        <div class=\"col-m-12 col-12\">\n\t       <h2 class=\"section-header\">Ausstellungen<\/h2>\n        <\/div>\n    <\/div>\n\t<div class=\"row happening fullwidth\">\n\t\t\t\t\t<div class=\"col-m-4 col-4 tile\">\n\t\t\t\t<a href=\"https:\/\/frederiksborg.dk\/en\/event\/gods-recreated\/\">\n    <div class=\"aspect-img\">\n\t   <img loading=\"lazy\" decoding=\"async\" width=\"640\" height=\"360\" src=\"https:\/\/frederiksborg.dk\/wp-content\/uploads\/2023\/10\/16-9-guder-genskabt-640x360.jpg\" class=\"attachment-wide-2_3-crop size-wide-2_3-crop wp-post-image\" alt=\"\" srcset=\"https:\/\/frederiksborg.dk\/wp-content\/uploads\/2023\/10\/16-9-guder-genskabt-640x360.jpg 640w, https:\/\/frederiksborg.dk\/wp-content\/uploads\/2023\/10\/16-9-guder-genskabt-600x338.jpg 600w, https:\/\/frederiksborg.dk\/wp-content\/uploads\/2023\/10\/16-9-guder-genskabt-1600x900.jpg 1600w, https:\/\/frederiksborg.dk\/wp-content\/uploads\/2023\/10\/16-9-guder-genskabt-768x432.jpg 768w, https:\/\/frederiksborg.dk\/wp-content\/uploads\/2023\/10\/16-9-guder-genskabt-1536x864.jpg 1536w, https:\/\/frederiksborg.dk\/wp-content\/uploads\/2023\/10\/16-9-guder-genskabt-2048x1152.jpg 2048w, https:\/\/frederiksborg.dk\/wp-content\/uploads\/2023\/10\/16-9-guder-genskabt-40x23.jpg 40w, https:\/\/frederiksborg.dk\/wp-content\/uploads\/2023\/10\/16-9-guder-genskabt-960x540.jpg 960w, https:\/\/frederiksborg.dk\/wp-content\/uploads\/2023\/10\/16-9-guder-genskabt-480x270.jpg 480w, https:\/\/frederiksborg.dk\/wp-content\/uploads\/2023\/10\/16-9-guder-genskabt-320x180.jpg 320w\" sizes=\"auto, (max-width: 640px) 100vw, 640px\" \/>    <\/div>\n    <div class=\"tile-content\">\n                <div class=\"date\">09\/02 2024 - 03\/07 2028<\/div>\n                <h3>Gods Recreated<\/h3>\n        <p>Special exhibition showcases the striking facade sculptures of Frederiksborg Castle and the extensive restoration effort currently underway.<\/p>\n\n    <\/div>\n    <div class=\"read-more\">\n            <span>Lesen Sie mehr<\/span>\n    <\/div>\n<\/a>\n\t\t\t<\/div>\n\t\t\t\t\t\t<div class=\"col-m-4 col-4 tile\">\n\t\t\t\t<a href=\"https:\/\/frederiksborg.dk\/en\/event\/gobelins\/\">\n    <div class=\"aspect-img\">\n\t   <img loading=\"lazy\" decoding=\"async\" width=\"640\" height=\"360\" src=\"https:\/\/frederiksborg.dk\/wp-content\/uploads\/2025\/09\/webbillede-640x360.jpg\" class=\"attachment-wide-2_3-crop size-wide-2_3-crop wp-post-image\" alt=\"\" srcset=\"https:\/\/frederiksborg.dk\/wp-content\/uploads\/2025\/09\/webbillede-640x360.jpg 640w, https:\/\/frederiksborg.dk\/wp-content\/uploads\/2025\/09\/webbillede-600x338.jpg 600w, https:\/\/frederiksborg.dk\/wp-content\/uploads\/2025\/09\/webbillede-1600x900.jpg 1600w, https:\/\/frederiksborg.dk\/wp-content\/uploads\/2025\/09\/webbillede-768x432.jpg 768w, https:\/\/frederiksborg.dk\/wp-content\/uploads\/2025\/09\/webbillede-1536x864.jpg 1536w, https:\/\/frederiksborg.dk\/wp-content\/uploads\/2025\/09\/webbillede-2048x1152.jpg 2048w, https:\/\/frederiksborg.dk\/wp-content\/uploads\/2025\/09\/webbillede-40x23.jpg 40w, https:\/\/frederiksborg.dk\/wp-content\/uploads\/2025\/09\/webbillede-960x540.jpg 960w, https:\/\/frederiksborg.dk\/wp-content\/uploads\/2025\/09\/webbillede-480x270.jpg 480w, https:\/\/frederiksborg.dk\/wp-content\/uploads\/2025\/09\/webbillede-320x180.jpg 320w\" sizes=\"auto, (max-width: 640px) 100vw, 640px\" \/>    <\/div>\n    <div class=\"tile-content\">\n                <div class=\"date\">26\/03 2026 - 06\/09 2026<\/div>\n                <h3>Gobelins &#8211; The Frederiksborg Tapestries<\/h3>\n        <p>Discover the tapestries of the Great Hall in a special exhibition.<\/p>\n\n    <\/div>\n    <div class=\"read-more\">\n            <span>Lesen Sie mehr<\/span>\n    <\/div>\n<\/a>\n\t\t\t<\/div>\n\t\t\t\t\t\t<div class=\"col-m-4 col-4 tile\">\n\t\t\t\t<a href=\"https:\/\/frederiksborg.dk\/en\/event\/agnes-and-harald\/\">\n    <div class=\"aspect-img\">\n\t   <img loading=\"lazy\" decoding=\"async\" width=\"640\" height=\"360\" src=\"https:\/\/frederiksborg.dk\/wp-content\/uploads\/2025\/12\/A-9118-KUN-TIL-WEB-e1764683263449-640x360.jpg?theia_smart_thumbnails_file_version=2\" class=\"attachment-wide-2_3-crop size-wide-2_3-crop wp-post-image\" alt=\"\" srcset=\"https:\/\/frederiksborg.dk\/wp-content\/uploads\/2025\/12\/A-9118-KUN-TIL-WEB-e1764683263449-640x360.jpg?theia_smart_thumbnails_file_version=2 640w, https:\/\/frederiksborg.dk\/wp-content\/uploads\/2025\/12\/A-9118-KUN-TIL-WEB-e1764683263449-960x540.jpg?theia_smart_thumbnails_file_version=2 960w, https:\/\/frederiksborg.dk\/wp-content\/uploads\/2025\/12\/A-9118-KUN-TIL-WEB-e1764683263449-480x270.jpg?theia_smart_thumbnails_file_version=2 480w, https:\/\/frederiksborg.dk\/wp-content\/uploads\/2025\/12\/A-9118-KUN-TIL-WEB-e1764683263449-320x180.jpg?theia_smart_thumbnails_file_version=2 320w\" sizes=\"auto, (max-width: 640px) 100vw, 640px\" \/>    <\/div>\n    <div class=\"tile-content\">\n                <div class=\"date\">08\/10 2026 - 04\/04 2027<\/div>\n                <h3>Agnes and Harald<\/h3>\n        <p>Special exhibition on the artist couple Agnes and Harald Slott-M\u00f8ller<\/p>\n\n    <\/div>\n    <div class=\"read-more\">\n            <span>Lesen Sie mehr<\/span>\n    <\/div>\n<\/a>\n\t\t\t<\/div>\n\t\t\t\t<\/div>\n\t\t<a href=\"https:\/\/frederiksborg.dk\/de\/events\/category\/exhibitions\/\" class=\"button\">Alle Ausstellungen ansehen<\/a>\n\t<\/div>\n<\/div>\n<\/div>\n<div class=\"happenings\">\n<div class=\"content-wrapper\">\n  <div class=\"happening-row\">\n    <div class=\"row\">\n        <div class=\"col-m-12 col-12\">\n\t       <h2 class=\"section-header\">Veranstaltungen<\/h2>\n        <\/div>\n    <\/div>\n\t<div class=\"row happening fullwidth\">\n\t\t\t\t\t<div class=\"col-m-4 col-4 tile\">\n\t\t\t\t<a href=\"https:\/\/frederiksborg.dk\/en\/event\/frederiksborg-speaks\/\">\n    <div class=\"aspect-img\">\n\t   <img loading=\"lazy\" decoding=\"async\" width=\"640\" height=\"360\" src=\"https:\/\/frederiksborg.dk\/wp-content\/uploads\/2025\/06\/JD_DNM_Sommer1777-640x360.jpg\" class=\"attachment-wide-2_3-crop size-wide-2_3-crop wp-post-image\" alt=\"\" srcset=\"https:\/\/frederiksborg.dk\/wp-content\/uploads\/2025\/06\/JD_DNM_Sommer1777-640x360.jpg 640w, https:\/\/frederiksborg.dk\/wp-content\/uploads\/2025\/06\/JD_DNM_Sommer1777-1600x900.jpg 1600w, https:\/\/frederiksborg.dk\/wp-content\/uploads\/2025\/06\/JD_DNM_Sommer1777-960x540.jpg 960w, https:\/\/frederiksborg.dk\/wp-content\/uploads\/2025\/06\/JD_DNM_Sommer1777-480x270.jpg 480w, https:\/\/frederiksborg.dk\/wp-content\/uploads\/2025\/06\/JD_DNM_Sommer1777-320x180.jpg 320w\" sizes=\"auto, (max-width: 640px) 100vw, 640px\" \/>    <\/div>\n    <div class=\"tile-content\">\n                <div class=\"date\">On weekdays<\/div>\n                <h3>Frederiksborg Speaks<\/h3>\n        <p>A unique, guided experience \u2013 every weekday at 1 PM<\/p>\n\n    <\/div>\n    <div class=\"read-more\">\n            <span>Lesen Sie mehr<\/span>\n    <\/div>\n<\/a>\n\t\t\t<\/div>\n\t\t\t\t\t\t<div class=\"col-m-4 col-4 tile\">\n\t\t\t\t<a href=\"https:\/\/frederiksborg.dk\/en\/event\/fantastic-frederiksborg-for-children\/\">\n    <div class=\"aspect-img\">\n\t   <img loading=\"lazy\" decoding=\"async\" width=\"640\" height=\"360\" src=\"https:\/\/frederiksborg.dk\/wp-content\/uploads\/2025\/01\/JD_DNM_Sommer1892-640x360.jpg\" class=\"attachment-wide-2_3-crop size-wide-2_3-crop wp-post-image\" alt=\"\" srcset=\"https:\/\/frederiksborg.dk\/wp-content\/uploads\/2025\/01\/JD_DNM_Sommer1892-640x360.jpg 640w, https:\/\/frederiksborg.dk\/wp-content\/uploads\/2025\/01\/JD_DNM_Sommer1892-1600x900.jpg 1600w, https:\/\/frederiksborg.dk\/wp-content\/uploads\/2025\/01\/JD_DNM_Sommer1892-960x540.jpg 960w, https:\/\/frederiksborg.dk\/wp-content\/uploads\/2025\/01\/JD_DNM_Sommer1892-480x270.jpg 480w, https:\/\/frederiksborg.dk\/wp-content\/uploads\/2025\/01\/JD_DNM_Sommer1892-320x180.jpg 320w\" sizes=\"auto, (max-width: 640px) 100vw, 640px\" \/>    <\/div>\n    <div class=\"tile-content\">\n                <div class=\"date\">Every Day<\/div>\n                <h3>Fantastic Frederiksborg for Children<\/h3>\n        <p>Frederiksborg is full of quirky details just waiting to be discovered<\/p>\n\n    <\/div>\n    <div class=\"read-more\">\n            <span>Lesen Sie mehr<\/span>\n    <\/div>\n<\/a>\n\t\t\t<\/div>\n\t\t\t\t\t\t<div class=\"col-m-4 col-4 tile\">\n\t\t\t\t<a href=\"https:\/\/frederiksborg.dk\/en\/event\/concert-on-the-compenius-organ-2\/\">\n    <div class=\"aspect-img\">\n\t   <img loading=\"lazy\" decoding=\"async\" width=\"640\" height=\"360\" src=\"https:\/\/frederiksborg.dk\/wp-content\/uploads\/2018\/02\/Frederiksborg-Slotskirke-V2570IIA-640x360.jpg\" class=\"attachment-wide-2_3-crop size-wide-2_3-crop wp-post-image\" alt=\"\" srcset=\"https:\/\/frederiksborg.dk\/wp-content\/uploads\/2018\/02\/Frederiksborg-Slotskirke-V2570IIA-640x360.jpg 640w, https:\/\/frederiksborg.dk\/wp-content\/uploads\/2018\/02\/Frederiksborg-Slotskirke-V2570IIA-600x338.jpg 600w, https:\/\/frederiksborg.dk\/wp-content\/uploads\/2018\/02\/Frederiksborg-Slotskirke-V2570IIA-768x432.jpg 768w, https:\/\/frederiksborg.dk\/wp-content\/uploads\/2018\/02\/Frederiksborg-Slotskirke-V2570IIA-40x23.jpg 40w, https:\/\/frederiksborg.dk\/wp-content\/uploads\/2018\/02\/Frederiksborg-Slotskirke-V2570IIA-960x540.jpg 960w, https:\/\/frederiksborg.dk\/wp-content\/uploads\/2018\/02\/Frederiksborg-Slotskirke-V2570IIA-480x270.jpg 480w, https:\/\/frederiksborg.dk\/wp-content\/uploads\/2018\/02\/Frederiksborg-Slotskirke-V2570IIA-320x180.jpg 320w, https:\/\/frederiksborg.dk\/wp-content\/uploads\/2018\/02\/Frederiksborg-Slotskirke-V2570IIA-300x169.jpg 300w, https:\/\/frederiksborg.dk\/wp-content\/uploads\/2018\/02\/Frederiksborg-Slotskirke-V2570IIA.jpg 1200w\" sizes=\"auto, (max-width: 640px) 100vw, 640px\" \/>    <\/div>\n    <div class=\"tile-content\">\n                <div class=\"date\">Every thursday 13:30<\/div>\n                <h3>Concert on the Compenius Organ<\/h3>\n        <p>30 minutes presentation concert on the historic chamber organ.<\/p>\n\n    <\/div>\n    <div class=\"read-more\">\n            <span>Lesen Sie mehr<\/span>\n    <\/div>\n<\/a>\n\t\t\t<\/div>\n\t\t\t\t<\/div>\n\t\t<a href=\"https:\/\/frederiksborg.dk\/de\/events\/category\/events\/\" class=\"button\">Alle Veranstaltungen ansehen<\/a>\n\t<\/div>\n<\/div>\n<\/div>\n<div id=\"social-media\">\n    <div class=\"content-wrapper\">\n        <h2>Folge uns<\/h2>        <div class=\"row\">\n\n            \n                        <div class=\"col-12 so-me\">\n                <h2 class=\"social-header\">Instagram<\/h2>\n                \n<div id=\"sb_instagram\"  class=\"sbi sbi_mob_col_1 sbi_tab_col_4 sbi_col_4\" style=\"padding-bottom: 10px; width: 100%;\"\t data-feedid=\"*1\"  data-res=\"auto\" data-cols=\"4\" data-colsmobile=\"1\" data-colstablet=\"4\" data-num=\"4\" data-nummobile=\"\" data-item-padding=\"5\"\t data-shortcode-atts=\"{&quot;num&quot;:&quot;4&quot;,&quot;cols&quot;:&quot;4&quot;,&quot;imagepadding&quot;:&quot;0&quot;,&quot;showfollow&quot;:&quot;false&quot;,&quot;showbutton&quot;:&quot;false&quot;,&quot;showheader&quot;:&quot;false&quot;}\"  data-postid=\"22286\" data-locatornonce=\"348d95d4a2\" data-imageaspectratio=\"1:1\" data-sbi-flags=\"favorLocal,gdpr\">\n\t\n\t<div id=\"sbi_images\"  style=\"gap: 10px;\">\n\t\t<div class=\"sbi_item sbi_type_video sbi_new sbi_transition\"\n\tid=\"sbi_17937313278230089\" data-date=\"1777535657\">\n\t<div class=\"sbi_photo_wrap\">\n\t\t<a class=\"sbi_photo\" href=\"https:\/\/www.instagram.com\/reel\/DXv4VhlAmK8\/\" target=\"_blank\" rel=\"noopener nofollow\"\n\t\t\tdata-full-res=\"https:\/\/scontent-cdg6-1.cdninstagram.com\/v\/t51.71878-15\/683642495_720265627814697_6189034493643414851_n.jpg?stp=dst-jpg_e35_tt6&#038;_nc_cat=103&#038;ccb=7-5&#038;_nc_sid=18de74&#038;efg=eyJlZmdfdGFnIjoiQ0xJUFMuYmVzdF9pbWFnZV91cmxnZW4uQzMifQ%3D%3D&#038;_nc_ohc=kuG86dpXEyoQ7kNvwEDtpWL&#038;_nc_oc=AdrhnvdnO31hjA8SzoqyYhdZaSlIdxlVp04477DSrNCDCwLQc12iJOvrCQShjCt-UFA&#038;_nc_zt=23&#038;_nc_ht=scontent-cdg6-1.cdninstagram.com&#038;edm=ANo9K5cEAAAA&#038;_nc_gid=_0UYXG4a8FsHD4SXVcg3hw&#038;_nc_tpa=Q5bMBQHD_gNGWoyq-EPQy3NdUvvgnp36-8wDPDOlzugmg1GD7vgevoeR6u3ZV7JAvZnIsUwgctAly4waqA&#038;oh=00_Af3jMTaoSu7ZELnEt1tCOBRFvFNRNXQja-0iMtcKwCVzfQ&#038;oe=69F8FB1E\"\n\t\t\tdata-img-src-set=\"{&quot;d&quot;:&quot;https:\\\/\\\/scontent-cdg6-1.cdninstagram.com\\\/v\\\/t51.71878-15\\\/683642495_720265627814697_6189034493643414851_n.jpg?stp=dst-jpg_e35_tt6&amp;_nc_cat=103&amp;ccb=7-5&amp;_nc_sid=18de74&amp;efg=eyJlZmdfdGFnIjoiQ0xJUFMuYmVzdF9pbWFnZV91cmxnZW4uQzMifQ%3D%3D&amp;_nc_ohc=kuG86dpXEyoQ7kNvwEDtpWL&amp;_nc_oc=AdrhnvdnO31hjA8SzoqyYhdZaSlIdxlVp04477DSrNCDCwLQc12iJOvrCQShjCt-UFA&amp;_nc_zt=23&amp;_nc_ht=scontent-cdg6-1.cdninstagram.com&amp;edm=ANo9K5cEAAAA&amp;_nc_gid=_0UYXG4a8FsHD4SXVcg3hw&amp;_nc_tpa=Q5bMBQHD_gNGWoyq-EPQy3NdUvvgnp36-8wDPDOlzugmg1GD7vgevoeR6u3ZV7JAvZnIsUwgctAly4waqA&amp;oh=00_Af3jMTaoSu7ZELnEt1tCOBRFvFNRNXQja-0iMtcKwCVzfQ&amp;oe=69F8FB1E&quot;,&quot;150&quot;:&quot;https:\\\/\\\/scontent-cdg6-1.cdninstagram.com\\\/v\\\/t51.71878-15\\\/683642495_720265627814697_6189034493643414851_n.jpg?stp=dst-jpg_e35_tt6&amp;_nc_cat=103&amp;ccb=7-5&amp;_nc_sid=18de74&amp;efg=eyJlZmdfdGFnIjoiQ0xJUFMuYmVzdF9pbWFnZV91cmxnZW4uQzMifQ%3D%3D&amp;_nc_ohc=kuG86dpXEyoQ7kNvwEDtpWL&amp;_nc_oc=AdrhnvdnO31hjA8SzoqyYhdZaSlIdxlVp04477DSrNCDCwLQc12iJOvrCQShjCt-UFA&amp;_nc_zt=23&amp;_nc_ht=scontent-cdg6-1.cdninstagram.com&amp;edm=ANo9K5cEAAAA&amp;_nc_gid=_0UYXG4a8FsHD4SXVcg3hw&amp;_nc_tpa=Q5bMBQHD_gNGWoyq-EPQy3NdUvvgnp36-8wDPDOlzugmg1GD7vgevoeR6u3ZV7JAvZnIsUwgctAly4waqA&amp;oh=00_Af3jMTaoSu7ZELnEt1tCOBRFvFNRNXQja-0iMtcKwCVzfQ&amp;oe=69F8FB1E&quot;,&quot;320&quot;:&quot;https:\\\/\\\/scontent-cdg6-1.cdninstagram.com\\\/v\\\/t51.71878-15\\\/683642495_720265627814697_6189034493643414851_n.jpg?stp=dst-jpg_e35_tt6&amp;_nc_cat=103&amp;ccb=7-5&amp;_nc_sid=18de74&amp;efg=eyJlZmdfdGFnIjoiQ0xJUFMuYmVzdF9pbWFnZV91cmxnZW4uQzMifQ%3D%3D&amp;_nc_ohc=kuG86dpXEyoQ7kNvwEDtpWL&amp;_nc_oc=AdrhnvdnO31hjA8SzoqyYhdZaSlIdxlVp04477DSrNCDCwLQc12iJOvrCQShjCt-UFA&amp;_nc_zt=23&amp;_nc_ht=scontent-cdg6-1.cdninstagram.com&amp;edm=ANo9K5cEAAAA&amp;_nc_gid=_0UYXG4a8FsHD4SXVcg3hw&amp;_nc_tpa=Q5bMBQHD_gNGWoyq-EPQy3NdUvvgnp36-8wDPDOlzugmg1GD7vgevoeR6u3ZV7JAvZnIsUwgctAly4waqA&amp;oh=00_Af3jMTaoSu7ZELnEt1tCOBRFvFNRNXQja-0iMtcKwCVzfQ&amp;oe=69F8FB1E&quot;,&quot;640&quot;:&quot;https:\\\/\\\/scontent-cdg6-1.cdninstagram.com\\\/v\\\/t51.71878-15\\\/683642495_720265627814697_6189034493643414851_n.jpg?stp=dst-jpg_e35_tt6&amp;_nc_cat=103&amp;ccb=7-5&amp;_nc_sid=18de74&amp;efg=eyJlZmdfdGFnIjoiQ0xJUFMuYmVzdF9pbWFnZV91cmxnZW4uQzMifQ%3D%3D&amp;_nc_ohc=kuG86dpXEyoQ7kNvwEDtpWL&amp;_nc_oc=AdrhnvdnO31hjA8SzoqyYhdZaSlIdxlVp04477DSrNCDCwLQc12iJOvrCQShjCt-UFA&amp;_nc_zt=23&amp;_nc_ht=scontent-cdg6-1.cdninstagram.com&amp;edm=ANo9K5cEAAAA&amp;_nc_gid=_0UYXG4a8FsHD4SXVcg3hw&amp;_nc_tpa=Q5bMBQHD_gNGWoyq-EPQy3NdUvvgnp36-8wDPDOlzugmg1GD7vgevoeR6u3ZV7JAvZnIsUwgctAly4waqA&amp;oh=00_Af3jMTaoSu7ZELnEt1tCOBRFvFNRNXQja-0iMtcKwCVzfQ&amp;oe=69F8FB1E&quot;}\">\n\t\t\t<span class=\"sbi-screenreader\">Alle kender nok denne her, men ved du hvorfor port<\/span>\n\t\t\t\t\t\t<svg style=\"color: rgba(255,255,255,1)\" class=\"svg-inline--fa fa-play fa-w-14 sbi_playbtn\" aria-label=\"Play\" aria-hidden=\"true\" data-fa-processed=\"\" data-prefix=\"fa\" data-icon=\"play\" role=\"presentation\" xmlns=\"http:\/\/www.w3.org\/2000\/svg\" viewBox=\"0 0 448 512\"><path fill=\"currentColor\" d=\"M424.4 214.7L72.4 6.6C43.8-10.3 0 6.1 0 47.9V464c0 37.5 40.7 60.1 72.4 41.3l352-208c31.4-18.5 31.5-64.1 0-82.6z\"><\/path><\/svg>\t\t\t<img decoding=\"async\" src=\"https:\/\/frederiksborg.dk\/wp-content\/plugins\/instagram-feed\/img\/placeholder.png\" alt=\"Alle kender nok denne her, men ved du hvorfor portr\u00e6ttet er p\u00e5 \u00e6sken?\ud83d\uddbc\ufe0f\n\n\ud83c\udf0d Everyone probably knows this one, but do you know why the portrait is on the box?\" aria-hidden=\"true\">\n\t\t<\/a>\n\t<\/div>\n<\/div><div class=\"sbi_item sbi_type_carousel sbi_new sbi_transition\"\n\tid=\"sbi_18014997515687171\" data-date=\"1777449623\">\n\t<div class=\"sbi_photo_wrap\">\n\t\t<a class=\"sbi_photo\" href=\"https:\/\/www.instagram.com\/p\/DXtUWOdCBYn\/\" target=\"_blank\" rel=\"noopener nofollow\"\n\t\t\tdata-full-res=\"https:\/\/scontent-cdg4-2.cdninstagram.com\/v\/t39.30808-6\/684997396_1601633878629839_612569027168306071_n.jpg?stp=dst-jpg_e35_tt6&#038;_nc_cat=109&#038;ccb=7-5&#038;_nc_sid=18de74&#038;efg=eyJlZmdfdGFnIjoiQ0FST1VTRUxfSVRFTS5iZXN0X2ltYWdlX3VybGdlbi5DMyJ9&#038;_nc_ohc=2r9dsWwmn9cQ7kNvwFTf2Wr&#038;_nc_oc=Adp-jL0s9vcVPsnWb2DCNzbWX8PgOUzBEVoU5brr8WqC6pWMb0dWqMuOgSnLAIHKkWc&#038;_nc_zt=23&#038;_nc_ht=scontent-cdg4-2.cdninstagram.com&#038;edm=ANo9K5cEAAAA&#038;_nc_gid=_0UYXG4a8FsHD4SXVcg3hw&#038;_nc_tpa=Q5bMBQFAo7B__MBVq1aliMEaEffwaQgR-Vtn1ECDlPO6RASQ3gvoSuyCdx8scD3-K5NCS0b3mp-yEwWLhA&#038;oh=00_Af3D--h-ltEZEI7j9aozc5WO1ohAuOgpg1VK5KrAp_XY1Q&#038;oe=69F91AB0\"\n\t\t\tdata-img-src-set=\"{&quot;d&quot;:&quot;https:\\\/\\\/scontent-cdg4-2.cdninstagram.com\\\/v\\\/t39.30808-6\\\/684997396_1601633878629839_612569027168306071_n.jpg?stp=dst-jpg_e35_tt6&amp;_nc_cat=109&amp;ccb=7-5&amp;_nc_sid=18de74&amp;efg=eyJlZmdfdGFnIjoiQ0FST1VTRUxfSVRFTS5iZXN0X2ltYWdlX3VybGdlbi5DMyJ9&amp;_nc_ohc=2r9dsWwmn9cQ7kNvwFTf2Wr&amp;_nc_oc=Adp-jL0s9vcVPsnWb2DCNzbWX8PgOUzBEVoU5brr8WqC6pWMb0dWqMuOgSnLAIHKkWc&amp;_nc_zt=23&amp;_nc_ht=scontent-cdg4-2.cdninstagram.com&amp;edm=ANo9K5cEAAAA&amp;_nc_gid=_0UYXG4a8FsHD4SXVcg3hw&amp;_nc_tpa=Q5bMBQFAo7B__MBVq1aliMEaEffwaQgR-Vtn1ECDlPO6RASQ3gvoSuyCdx8scD3-K5NCS0b3mp-yEwWLhA&amp;oh=00_Af3D--h-ltEZEI7j9aozc5WO1ohAuOgpg1VK5KrAp_XY1Q&amp;oe=69F91AB0&quot;,&quot;150&quot;:&quot;https:\\\/\\\/scontent-cdg4-2.cdninstagram.com\\\/v\\\/t39.30808-6\\\/684997396_1601633878629839_612569027168306071_n.jpg?stp=dst-jpg_e35_tt6&amp;_nc_cat=109&amp;ccb=7-5&amp;_nc_sid=18de74&amp;efg=eyJlZmdfdGFnIjoiQ0FST1VTRUxfSVRFTS5iZXN0X2ltYWdlX3VybGdlbi5DMyJ9&amp;_nc_ohc=2r9dsWwmn9cQ7kNvwFTf2Wr&amp;_nc_oc=Adp-jL0s9vcVPsnWb2DCNzbWX8PgOUzBEVoU5brr8WqC6pWMb0dWqMuOgSnLAIHKkWc&amp;_nc_zt=23&amp;_nc_ht=scontent-cdg4-2.cdninstagram.com&amp;edm=ANo9K5cEAAAA&amp;_nc_gid=_0UYXG4a8FsHD4SXVcg3hw&amp;_nc_tpa=Q5bMBQFAo7B__MBVq1aliMEaEffwaQgR-Vtn1ECDlPO6RASQ3gvoSuyCdx8scD3-K5NCS0b3mp-yEwWLhA&amp;oh=00_Af3D--h-ltEZEI7j9aozc5WO1ohAuOgpg1VK5KrAp_XY1Q&amp;oe=69F91AB0&quot;,&quot;320&quot;:&quot;https:\\\/\\\/scontent-cdg4-2.cdninstagram.com\\\/v\\\/t39.30808-6\\\/684997396_1601633878629839_612569027168306071_n.jpg?stp=dst-jpg_e35_tt6&amp;_nc_cat=109&amp;ccb=7-5&amp;_nc_sid=18de74&amp;efg=eyJlZmdfdGFnIjoiQ0FST1VTRUxfSVRFTS5iZXN0X2ltYWdlX3VybGdlbi5DMyJ9&amp;_nc_ohc=2r9dsWwmn9cQ7kNvwFTf2Wr&amp;_nc_oc=Adp-jL0s9vcVPsnWb2DCNzbWX8PgOUzBEVoU5brr8WqC6pWMb0dWqMuOgSnLAIHKkWc&amp;_nc_zt=23&amp;_nc_ht=scontent-cdg4-2.cdninstagram.com&amp;edm=ANo9K5cEAAAA&amp;_nc_gid=_0UYXG4a8FsHD4SXVcg3hw&amp;_nc_tpa=Q5bMBQFAo7B__MBVq1aliMEaEffwaQgR-Vtn1ECDlPO6RASQ3gvoSuyCdx8scD3-K5NCS0b3mp-yEwWLhA&amp;oh=00_Af3D--h-ltEZEI7j9aozc5WO1ohAuOgpg1VK5KrAp_XY1Q&amp;oe=69F91AB0&quot;,&quot;640&quot;:&quot;https:\\\/\\\/scontent-cdg4-2.cdninstagram.com\\\/v\\\/t39.30808-6\\\/684997396_1601633878629839_612569027168306071_n.jpg?stp=dst-jpg_e35_tt6&amp;_nc_cat=109&amp;ccb=7-5&amp;_nc_sid=18de74&amp;efg=eyJlZmdfdGFnIjoiQ0FST1VTRUxfSVRFTS5iZXN0X2ltYWdlX3VybGdlbi5DMyJ9&amp;_nc_ohc=2r9dsWwmn9cQ7kNvwFTf2Wr&amp;_nc_oc=Adp-jL0s9vcVPsnWb2DCNzbWX8PgOUzBEVoU5brr8WqC6pWMb0dWqMuOgSnLAIHKkWc&amp;_nc_zt=23&amp;_nc_ht=scontent-cdg4-2.cdninstagram.com&amp;edm=ANo9K5cEAAAA&amp;_nc_gid=_0UYXG4a8FsHD4SXVcg3hw&amp;_nc_tpa=Q5bMBQFAo7B__MBVq1aliMEaEffwaQgR-Vtn1ECDlPO6RASQ3gvoSuyCdx8scD3-K5NCS0b3mp-yEwWLhA&amp;oh=00_Af3D--h-ltEZEI7j9aozc5WO1ohAuOgpg1VK5KrAp_XY1Q&amp;oe=69F91AB0&quot;}\">\n\t\t\t<span class=\"sbi-screenreader\">NYT p\u00e5 Frederiksborg: Kreative workshops for voksn<\/span>\n\t\t\t<svg class=\"svg-inline--fa fa-clone fa-w-16 sbi_lightbox_carousel_icon\" aria-hidden=\"true\" aria-label=\"Clone\" data-fa-pro\u0192cessed=\"\" data-prefix=\"far\" data-icon=\"clone\" role=\"img\" xmlns=\"http:\/\/www.w3.org\/2000\/svg\" viewBox=\"0 0 512 512\">\n                    <path fill=\"currentColor\" d=\"M464 0H144c-26.51 0-48 21.49-48 48v48H48c-26.51 0-48 21.49-48 48v320c0 26.51 21.49 48 48 48h320c26.51 0 48-21.49 48-48v-48h48c26.51 0 48-21.49 48-48V48c0-26.51-21.49-48-48-48zM362 464H54a6 6 0 0 1-6-6V150a6 6 0 0 1 6-6h42v224c0 26.51 21.49 48 48 48h224v42a6 6 0 0 1-6 6zm96-96H150a6 6 0 0 1-6-6V54a6 6 0 0 1 6-6h308a6 6 0 0 1 6 6v308a6 6 0 0 1-6 6z\"><\/path>\n                <\/svg>\t\t\t\t\t\t<img decoding=\"async\" src=\"https:\/\/frederiksborg.dk\/wp-content\/plugins\/instagram-feed\/img\/placeholder.png\" alt=\"NYT p\u00e5 Frederiksborg: Kreative workshops for voksne \ud83e\udea1\n\nKom p\u00e5 3 timers workshop med Kris fra F\u00f8lsomt Broderi. Med afs\u00e6t i tekster om l\u00e6ngsel og h\u00e5b bliver du guidet i frih\u00e5ndsbroderi uden faste opskrifter. Du beh\u00f8ver ingen erfaring \u2013 og gennem en kort skrive\u00f8velse finder du dit eget personlige motiv. \n\nArrangementet veksler mellem f\u00e6lles oplevelser og tid til fordybelse med n\u00e5l og tr\u00e5d, mens Kris l\u00e6ser op undervej\n\nKUN 30 pladser! \n\n11. maj kl. 16.30-19.30. Billetter p\u00e5 frederiksborg.dk\n\n@foelsomt_broderi\n\n\ud83c\udf0e Join a 3-hour workshop with Kris from F\u00f8lsomt Broderi. Inspired by texts about longing and hope, you\u2019ll be guided in freehand embroidery without fixed patterns. No experience is needed\u2014and through a short writing exercise, you\u2019ll find your own personal motif.\n\nThe event alternates between shared experiences and time for immersion with needle and thread, while Kris reads aloud along the way.\n\nONLY 30 spots available! \n11 May at 4.30\u20137.30 PM. Tickets at frederiksborg.dk\" aria-hidden=\"true\">\n\t\t<\/a>\n\t<\/div>\n<\/div><div class=\"sbi_item sbi_type_image sbi_new sbi_transition\"\n\tid=\"sbi_17917526838360632\" data-date=\"1777359622\">\n\t<div class=\"sbi_photo_wrap\">\n\t\t<a class=\"sbi_photo\" href=\"https:\/\/www.instagram.com\/p\/DXqorpZD5r-\/\" target=\"_blank\" rel=\"noopener nofollow\"\n\t\t\tdata-full-res=\"https:\/\/scontent-cdg4-1.cdninstagram.com\/v\/t39.30808-6\/678409944_1596092739183953_7095590363207790399_n.jpg?stp=dst-jpg_e35_tt6&#038;_nc_cat=108&#038;ccb=7-5&#038;_nc_sid=18de74&#038;efg=eyJlZmdfdGFnIjoiRkVFRC5iZXN0X2ltYWdlX3VybGdlbi5DMyJ9&#038;_nc_ohc=IHKjBy6jpvwQ7kNvwGzfLaa&#038;_nc_oc=AdrpkMm5zWiyghJ7Arld_P5YN4y9xTA4_KA9Y_WA8iIINY64cK5FMVcy_21ek-IQkDo&#038;_nc_zt=23&#038;_nc_ht=scontent-cdg4-1.cdninstagram.com&#038;edm=ANo9K5cEAAAA&#038;_nc_gid=_0UYXG4a8FsHD4SXVcg3hw&#038;_nc_tpa=Q5bMBQGu1GnIWmKgT_WZ1wDH1HnXK9HJG45BrUvi6NCH-vehuW5z_uo_KZbY9GiYxoVCFXhdJg1vqgx_Vw&#038;oh=00_Af2x_weHQE1zyP_a5DZUC42HJaUAy3s3_pz07WSX0rlh6g&#038;oe=69F92738\"\n\t\t\tdata-img-src-set=\"{&quot;d&quot;:&quot;https:\\\/\\\/scontent-cdg4-1.cdninstagram.com\\\/v\\\/t39.30808-6\\\/678409944_1596092739183953_7095590363207790399_n.jpg?stp=dst-jpg_e35_tt6&amp;_nc_cat=108&amp;ccb=7-5&amp;_nc_sid=18de74&amp;efg=eyJlZmdfdGFnIjoiRkVFRC5iZXN0X2ltYWdlX3VybGdlbi5DMyJ9&amp;_nc_ohc=IHKjBy6jpvwQ7kNvwGzfLaa&amp;_nc_oc=AdrpkMm5zWiyghJ7Arld_P5YN4y9xTA4_KA9Y_WA8iIINY64cK5FMVcy_21ek-IQkDo&amp;_nc_zt=23&amp;_nc_ht=scontent-cdg4-1.cdninstagram.com&amp;edm=ANo9K5cEAAAA&amp;_nc_gid=_0UYXG4a8FsHD4SXVcg3hw&amp;_nc_tpa=Q5bMBQGu1GnIWmKgT_WZ1wDH1HnXK9HJG45BrUvi6NCH-vehuW5z_uo_KZbY9GiYxoVCFXhdJg1vqgx_Vw&amp;oh=00_Af2x_weHQE1zyP_a5DZUC42HJaUAy3s3_pz07WSX0rlh6g&amp;oe=69F92738&quot;,&quot;150&quot;:&quot;https:\\\/\\\/scontent-cdg4-1.cdninstagram.com\\\/v\\\/t39.30808-6\\\/678409944_1596092739183953_7095590363207790399_n.jpg?stp=dst-jpg_e35_tt6&amp;_nc_cat=108&amp;ccb=7-5&amp;_nc_sid=18de74&amp;efg=eyJlZmdfdGFnIjoiRkVFRC5iZXN0X2ltYWdlX3VybGdlbi5DMyJ9&amp;_nc_ohc=IHKjBy6jpvwQ7kNvwGzfLaa&amp;_nc_oc=AdrpkMm5zWiyghJ7Arld_P5YN4y9xTA4_KA9Y_WA8iIINY64cK5FMVcy_21ek-IQkDo&amp;_nc_zt=23&amp;_nc_ht=scontent-cdg4-1.cdninstagram.com&amp;edm=ANo9K5cEAAAA&amp;_nc_gid=_0UYXG4a8FsHD4SXVcg3hw&amp;_nc_tpa=Q5bMBQGu1GnIWmKgT_WZ1wDH1HnXK9HJG45BrUvi6NCH-vehuW5z_uo_KZbY9GiYxoVCFXhdJg1vqgx_Vw&amp;oh=00_Af2x_weHQE1zyP_a5DZUC42HJaUAy3s3_pz07WSX0rlh6g&amp;oe=69F92738&quot;,&quot;320&quot;:&quot;https:\\\/\\\/scontent-cdg4-1.cdninstagram.com\\\/v\\\/t39.30808-6\\\/678409944_1596092739183953_7095590363207790399_n.jpg?stp=dst-jpg_e35_tt6&amp;_nc_cat=108&amp;ccb=7-5&amp;_nc_sid=18de74&amp;efg=eyJlZmdfdGFnIjoiRkVFRC5iZXN0X2ltYWdlX3VybGdlbi5DMyJ9&amp;_nc_ohc=IHKjBy6jpvwQ7kNvwGzfLaa&amp;_nc_oc=AdrpkMm5zWiyghJ7Arld_P5YN4y9xTA4_KA9Y_WA8iIINY64cK5FMVcy_21ek-IQkDo&amp;_nc_zt=23&amp;_nc_ht=scontent-cdg4-1.cdninstagram.com&amp;edm=ANo9K5cEAAAA&amp;_nc_gid=_0UYXG4a8FsHD4SXVcg3hw&amp;_nc_tpa=Q5bMBQGu1GnIWmKgT_WZ1wDH1HnXK9HJG45BrUvi6NCH-vehuW5z_uo_KZbY9GiYxoVCFXhdJg1vqgx_Vw&amp;oh=00_Af2x_weHQE1zyP_a5DZUC42HJaUAy3s3_pz07WSX0rlh6g&amp;oe=69F92738&quot;,&quot;640&quot;:&quot;https:\\\/\\\/scontent-cdg4-1.cdninstagram.com\\\/v\\\/t39.30808-6\\\/678409944_1596092739183953_7095590363207790399_n.jpg?stp=dst-jpg_e35_tt6&amp;_nc_cat=108&amp;ccb=7-5&amp;_nc_sid=18de74&amp;efg=eyJlZmdfdGFnIjoiRkVFRC5iZXN0X2ltYWdlX3VybGdlbi5DMyJ9&amp;_nc_ohc=IHKjBy6jpvwQ7kNvwGzfLaa&amp;_nc_oc=AdrpkMm5zWiyghJ7Arld_P5YN4y9xTA4_KA9Y_WA8iIINY64cK5FMVcy_21ek-IQkDo&amp;_nc_zt=23&amp;_nc_ht=scontent-cdg4-1.cdninstagram.com&amp;edm=ANo9K5cEAAAA&amp;_nc_gid=_0UYXG4a8FsHD4SXVcg3hw&amp;_nc_tpa=Q5bMBQGu1GnIWmKgT_WZ1wDH1HnXK9HJG45BrUvi6NCH-vehuW5z_uo_KZbY9GiYxoVCFXhdJg1vqgx_Vw&amp;oh=00_Af2x_weHQE1zyP_a5DZUC42HJaUAy3s3_pz07WSX0rlh6g&amp;oe=69F92738&quot;}\">\n\t\t\t<span class=\"sbi-screenreader\">28. april 1772 blev den sidste dag i Johann Friedr<\/span>\n\t\t\t\t\t\t\t\t\t<img decoding=\"async\" src=\"https:\/\/frederiksborg.dk\/wp-content\/plugins\/instagram-feed\/img\/placeholder.png\" alt=\"28. april 1772 blev den sidste dag i Johann Friedrich Struensees liv. Hovedet, som du ser her, blev i dag for 254 \u00e5r siden hugget af og skilt fra kroppen. Forinden, mens Struensee levede, blev h\u00f8jre h\u00e5nd hugget af. Og hans adelsv\u00e5ben brudt i stykker. Struensee havde kr\u00e6nket majest\u00e6ten, ikke blot ved at g\u00e5 i seng med dronningen, men ogs\u00e5 ved at forgribe sig p\u00e5 kongens enev\u00e6ldige magt.\nC.A. Lorentzens portr\u00e6t af livl\u00e6gen, reformatoren og dronningens elsker kan du se i stue 50 p\u00e5 Frederiksborg.\n\n\ud83c\udf0f28 April 1772 was the last day of Johann Friedrich Struensee\u2019s life. The head you see here was severed from the body on this day 254 years ago. Before that, while Struensee was still alive, his right hand was cut off, and his coat of arms broken to pieces. Struensee had offended the king \u2014 not only by sleeping with the queen, but also by usurping the king\u2019s absolute power.\nC.A. Lorentzen\u2019s portrait of the physician, reformer, and the queen\u2019s lover can be seen in Room 50 at Frederiksborg.\" aria-hidden=\"true\">\n\t\t<\/a>\n\t<\/div>\n<\/div><div class=\"sbi_item sbi_type_carousel sbi_new sbi_transition\"\n\tid=\"sbi_18026144315814475\" data-date=\"1777100454\">\n\t<div class=\"sbi_photo_wrap\">\n\t\t<a class=\"sbi_photo\" href=\"https:\/\/www.instagram.com\/p\/DXi6XGlFs23\/\" target=\"_blank\" rel=\"noopener nofollow\"\n\t\t\tdata-full-res=\"https:\/\/scontent-cdg4-2.cdninstagram.com\/v\/t39.30808-6\/679112662_1596850115774882_6401729833219534231_n.jpg?stp=dst-jpg_e35_tt6&#038;_nc_cat=107&#038;ccb=7-5&#038;_nc_sid=18de74&#038;efg=eyJlZmdfdGFnIjoiQ0FST1VTRUxfSVRFTS5iZXN0X2ltYWdlX3VybGdlbi5DMyJ9&#038;_nc_ohc=GdPT2oXryi0Q7kNvwEOfyaB&#038;_nc_oc=AdpCENVqexCisxezEtRfbjC_76CIIyHeuS1UJga75RbfL4U63KsMFa7ZhsKAlJJqsbE&#038;_nc_zt=23&#038;_nc_ht=scontent-cdg4-2.cdninstagram.com&#038;edm=ANo9K5cEAAAA&#038;_nc_gid=_0UYXG4a8FsHD4SXVcg3hw&#038;_nc_tpa=Q5bMBQHL7077lHFYC-Rlw6qWRrlVyWlKMDywCCPk1wDiRuEofLQQerz4GKp61VBB3qnEmHreTq0v5UpgoQ&#038;oh=00_Af3ru_ZAZO8v0okcNUDC5Ctg4Q4NTBZzebbYhPH7COESzw&#038;oe=69F91E8D\"\n\t\t\tdata-img-src-set=\"{&quot;d&quot;:&quot;https:\\\/\\\/scontent-cdg4-2.cdninstagram.com\\\/v\\\/t39.30808-6\\\/679112662_1596850115774882_6401729833219534231_n.jpg?stp=dst-jpg_e35_tt6&amp;_nc_cat=107&amp;ccb=7-5&amp;_nc_sid=18de74&amp;efg=eyJlZmdfdGFnIjoiQ0FST1VTRUxfSVRFTS5iZXN0X2ltYWdlX3VybGdlbi5DMyJ9&amp;_nc_ohc=GdPT2oXryi0Q7kNvwEOfyaB&amp;_nc_oc=AdpCENVqexCisxezEtRfbjC_76CIIyHeuS1UJga75RbfL4U63KsMFa7ZhsKAlJJqsbE&amp;_nc_zt=23&amp;_nc_ht=scontent-cdg4-2.cdninstagram.com&amp;edm=ANo9K5cEAAAA&amp;_nc_gid=_0UYXG4a8FsHD4SXVcg3hw&amp;_nc_tpa=Q5bMBQHL7077lHFYC-Rlw6qWRrlVyWlKMDywCCPk1wDiRuEofLQQerz4GKp61VBB3qnEmHreTq0v5UpgoQ&amp;oh=00_Af3ru_ZAZO8v0okcNUDC5Ctg4Q4NTBZzebbYhPH7COESzw&amp;oe=69F91E8D&quot;,&quot;150&quot;:&quot;https:\\\/\\\/scontent-cdg4-2.cdninstagram.com\\\/v\\\/t39.30808-6\\\/679112662_1596850115774882_6401729833219534231_n.jpg?stp=dst-jpg_e35_tt6&amp;_nc_cat=107&amp;ccb=7-5&amp;_nc_sid=18de74&amp;efg=eyJlZmdfdGFnIjoiQ0FST1VTRUxfSVRFTS5iZXN0X2ltYWdlX3VybGdlbi5DMyJ9&amp;_nc_ohc=GdPT2oXryi0Q7kNvwEOfyaB&amp;_nc_oc=AdpCENVqexCisxezEtRfbjC_76CIIyHeuS1UJga75RbfL4U63KsMFa7ZhsKAlJJqsbE&amp;_nc_zt=23&amp;_nc_ht=scontent-cdg4-2.cdninstagram.com&amp;edm=ANo9K5cEAAAA&amp;_nc_gid=_0UYXG4a8FsHD4SXVcg3hw&amp;_nc_tpa=Q5bMBQHL7077lHFYC-Rlw6qWRrlVyWlKMDywCCPk1wDiRuEofLQQerz4GKp61VBB3qnEmHreTq0v5UpgoQ&amp;oh=00_Af3ru_ZAZO8v0okcNUDC5Ctg4Q4NTBZzebbYhPH7COESzw&amp;oe=69F91E8D&quot;,&quot;320&quot;:&quot;https:\\\/\\\/scontent-cdg4-2.cdninstagram.com\\\/v\\\/t39.30808-6\\\/679112662_1596850115774882_6401729833219534231_n.jpg?stp=dst-jpg_e35_tt6&amp;_nc_cat=107&amp;ccb=7-5&amp;_nc_sid=18de74&amp;efg=eyJlZmdfdGFnIjoiQ0FST1VTRUxfSVRFTS5iZXN0X2ltYWdlX3VybGdlbi5DMyJ9&amp;_nc_ohc=GdPT2oXryi0Q7kNvwEOfyaB&amp;_nc_oc=AdpCENVqexCisxezEtRfbjC_76CIIyHeuS1UJga75RbfL4U63KsMFa7ZhsKAlJJqsbE&amp;_nc_zt=23&amp;_nc_ht=scontent-cdg4-2.cdninstagram.com&amp;edm=ANo9K5cEAAAA&amp;_nc_gid=_0UYXG4a8FsHD4SXVcg3hw&amp;_nc_tpa=Q5bMBQHL7077lHFYC-Rlw6qWRrlVyWlKMDywCCPk1wDiRuEofLQQerz4GKp61VBB3qnEmHreTq0v5UpgoQ&amp;oh=00_Af3ru_ZAZO8v0okcNUDC5Ctg4Q4NTBZzebbYhPH7COESzw&amp;oe=69F91E8D&quot;,&quot;640&quot;:&quot;https:\\\/\\\/scontent-cdg4-2.cdninstagram.com\\\/v\\\/t39.30808-6\\\/679112662_1596850115774882_6401729833219534231_n.jpg?stp=dst-jpg_e35_tt6&amp;_nc_cat=107&amp;ccb=7-5&amp;_nc_sid=18de74&amp;efg=eyJlZmdfdGFnIjoiQ0FST1VTRUxfSVRFTS5iZXN0X2ltYWdlX3VybGdlbi5DMyJ9&amp;_nc_ohc=GdPT2oXryi0Q7kNvwEOfyaB&amp;_nc_oc=AdpCENVqexCisxezEtRfbjC_76CIIyHeuS1UJga75RbfL4U63KsMFa7ZhsKAlJJqsbE&amp;_nc_zt=23&amp;_nc_ht=scontent-cdg4-2.cdninstagram.com&amp;edm=ANo9K5cEAAAA&amp;_nc_gid=_0UYXG4a8FsHD4SXVcg3hw&amp;_nc_tpa=Q5bMBQHL7077lHFYC-Rlw6qWRrlVyWlKMDywCCPk1wDiRuEofLQQerz4GKp61VBB3qnEmHreTq0v5UpgoQ&amp;oh=00_Af3ru_ZAZO8v0okcNUDC5Ctg4Q4NTBZzebbYhPH7COESzw&amp;oe=69F91E8D&quot;}\">\n\t\t\t<span class=\"sbi-screenreader\">\u2665\ufe0f\u2665\ufe0f\u2665\ufe0f\u2665\ufe0f\u2665\ufe0f i Politiken til &#039;GOBELIN - I tr\u00e5d med t<\/span>\n\t\t\t<svg class=\"svg-inline--fa fa-clone fa-w-16 sbi_lightbox_carousel_icon\" aria-hidden=\"true\" aria-label=\"Clone\" data-fa-pro\u0192cessed=\"\" data-prefix=\"far\" data-icon=\"clone\" role=\"img\" xmlns=\"http:\/\/www.w3.org\/2000\/svg\" viewBox=\"0 0 512 512\">\n                    <path fill=\"currentColor\" d=\"M464 0H144c-26.51 0-48 21.49-48 48v48H48c-26.51 0-48 21.49-48 48v320c0 26.51 21.49 48 48 48h320c26.51 0 48-21.49 48-48v-48h48c26.51 0 48-21.49 48-48V48c0-26.51-21.49-48-48-48zM362 464H54a6 6 0 0 1-6-6V150a6 6 0 0 1 6-6h42v224c0 26.51 21.49 48 48 48h224v42a6 6 0 0 1-6 6zm96-96H150a6 6 0 0 1-6-6V54a6 6 0 0 1 6-6h308a6 6 0 0 1 6 6v308a6 6 0 0 1-6 6z\"><\/path>\n                <\/svg>\t\t\t\t\t\t<img decoding=\"async\" src=\"https:\/\/frederiksborg.dk\/wp-content\/plugins\/instagram-feed\/img\/placeholder.png\" alt=\"\u2665\ufe0f\u2665\ufe0f\u2665\ufe0f\u2665\ufe0f\u2665\ufe0f i Politiken til &#039;GOBELIN - I tr\u00e5d med tiden&#039;! \n\nSe udstillingen, der fort\u00e6ller om kvinderne, der i 28 \u00e5r sad ved v\u00e6vene og skabte de overd\u00e5dige gobeliner til Riddersalen.\nDet er fort\u00e6llingen om h\u00e5ndv\u00e6rk, f\u00e6llesskab, kvindekamp \u2013 og om hvordan de samtidig formede en moderne arbejdsplads.\n\n\ud83c\udf0e Explore the exhibition that tells the story of the women who spent 28 years at the looms, creating the magnificent tapestries for the Great Hall.\nIt\u2019s a story of craftsmanship, community, women\u2019s struggle \u2013 and how they simultaneously shaped a modern workplace.\" aria-hidden=\"true\">\n\t\t<\/a>\n\t<\/div>\n<\/div>\t<\/div>\n\n\t<div id=\"sbi_load\" >\n\n\t\n\t\n<\/div>\n\t\t<span class=\"sbi_resized_image_data\" data-feed-id=\"*1\"\n\t\t  data-resized=\"{&quot;18026144315814475&quot;:{&quot;id&quot;:&quot;679112662_1596850115774882_6401729833219534231_n&quot;,&quot;ratio&quot;:&quot;0.80&quot;,&quot;sizes&quot;:{&quot;full&quot;:640,&quot;low&quot;:320,&quot;thumb&quot;:150},&quot;extension&quot;:&quot;.webp&quot;},&quot;17917526838360632&quot;:{&quot;id&quot;:&quot;678409944_1596092739183953_7095590363207790399_n&quot;,&quot;ratio&quot;:&quot;0.80&quot;,&quot;sizes&quot;:{&quot;full&quot;:640,&quot;low&quot;:320,&quot;thumb&quot;:150},&quot;extension&quot;:&quot;.webp&quot;},&quot;18014997515687171&quot;:{&quot;id&quot;:&quot;684997396_1601633878629839_612569027168306071_n&quot;,&quot;ratio&quot;:&quot;1.00&quot;,&quot;sizes&quot;:{&quot;full&quot;:640,&quot;low&quot;:320,&quot;thumb&quot;:150},&quot;extension&quot;:&quot;.webp&quot;},&quot;17937313278230089&quot;:{&quot;id&quot;:&quot;683642495_720265627814697_6189034493643414851_n&quot;,&quot;ratio&quot;:&quot;0.56&quot;,&quot;sizes&quot;:{&quot;full&quot;:640,&quot;low&quot;:320,&quot;thumb&quot;:150},&quot;extension&quot;:&quot;.webp&quot;}}\">\n\t<\/span>\n\t<\/div>\n\n            <\/div>\n                    <\/div>\n    <\/div>\n<\/div>\n\t\n<\/section>\n","protected":false},"excerpt":{"rendered":"<p>Willkommen! Erforschen Sie pr\u00e4chtige Kabinen und Hallen sowie die D\u00e4nische Nationalgalerie f\u00fcr Portr\u00e4tmalerei! Der direkteste Weg nach Frederiksborg ist die Fahrt mit der A-Linie der S-Bahn. Anfahrt und Parken Ausstellungen 09\/02 2024 &#8211; 03\/07 2028 Gods Recreated Special exhibition showcases the striking facade sculptures of Frederiksborg Castle and the extensive restoration effort currently underway. Lesen [&hellip;]<\/p>\n","protected":false},"author":4,"featured_media":0,"parent":0,"menu_order":0,"comment_status":"open","ping_status":"closed","template":"template-forside.php","meta":{"_acf_changed":false,"_relevanssi_hide_post":"","_relevanssi_hide_content":"","_relevanssi_pin_for_all":"","_relevanssi_pin_keywords":"","_relevanssi_unpin_keywords":"","_relevanssi_related_keywords":"","_relevanssi_related_include_ids":"","_relevanssi_related_exclude_ids":"","_relevanssi_related_no_append":"","_relevanssi_related_not_related":"","_relevanssi_related_posts":"","_relevanssi_noindex_reason":"","footnotes":""},"class_list":["post-22286","page","type-page","status-publish","hentry"],"acf":[],"yoast_head":"<!-- This site is optimized with the Yoast SEO plugin v27.3 - https:\/\/yoast.com\/product\/yoast-seo-wordpress\/ -->\n<title>Forside - Frederiksborg<\/title>\n<meta name=\"robots\" content=\"index, follow, max-snippet:-1, max-image-preview:large, max-video-preview:-1\" \/>\n<link rel=\"canonical\" href=\"https:\/\/frederiksborg.dk\/de\/\" \/>\n<meta property=\"og:locale\" content=\"de_DE\" \/>\n<meta property=\"og:type\" content=\"article\" \/>\n<meta property=\"og:title\" content=\"Forside - Frederiksborg\" \/>\n<meta property=\"og:description\" content=\"Willkommen! Erforschen Sie pr\u00e4chtige Kabinen und Hallen sowie die D\u00e4nische Nationalgalerie f\u00fcr Portr\u00e4tmalerei! Der direkteste Weg nach Frederiksborg ist die Fahrt mit der A-Linie der S-Bahn. Anfahrt und Parken Ausstellungen 09\/02 2024 - 03\/07 2028 Gods Recreated Special exhibition showcases the striking facade sculptures of Frederiksborg Castle and the extensive restoration effort currently underway. Lesen [&hellip;]\" \/>\n<meta property=\"og:url\" content=\"https:\/\/frederiksborg.dk\/de\/\" \/>\n<meta property=\"og:site_name\" content=\"Frederiksborg\" \/>\n<meta property=\"article:modified_time\" content=\"2025-09-02T07:42:36+00:00\" \/>\n<meta name=\"twitter:card\" content=\"summary_large_image\" \/>\n<script type=\"application\/ld+json\" class=\"yoast-schema-graph\">{\"@context\":\"https:\\\/\\\/schema.org\",\"@graph\":[{\"@type\":\"WebPage\",\"@id\":\"https:\\\/\\\/frederiksborg.dk\\\/de\\\/\",\"url\":\"https:\\\/\\\/frederiksborg.dk\\\/de\\\/\",\"name\":\"Forside - Frederiksborg\",\"isPartOf\":{\"@id\":\"https:\\\/\\\/frederiksborg.dk\\\/#website\"},\"datePublished\":\"2014-04-30T08:42:42+00:00\",\"dateModified\":\"2025-09-02T07:42:36+00:00\",\"breadcrumb\":{\"@id\":\"https:\\\/\\\/frederiksborg.dk\\\/de\\\/#breadcrumb\"},\"inLanguage\":\"de\",\"potentialAction\":[{\"@type\":\"ReadAction\",\"target\":[\"https:\\\/\\\/frederiksborg.dk\\\/de\\\/\"]}]},{\"@type\":\"BreadcrumbList\",\"@id\":\"https:\\\/\\\/frederiksborg.dk\\\/de\\\/#breadcrumb\",\"itemListElement\":[{\"@type\":\"ListItem\",\"position\":1,\"name\":\"Hjem\",\"item\":\"https:\\\/\\\/frederiksborg.dk\\\/de\\\/\"},{\"@type\":\"ListItem\",\"position\":2,\"name\":\"Forside\"}]},{\"@type\":\"WebSite\",\"@id\":\"https:\\\/\\\/frederiksborg.dk\\\/#website\",\"url\":\"https:\\\/\\\/frederiksborg.dk\\\/\",\"name\":\"Frederiksborg\",\"description\":\"Frederiksborg \u2219 Nationalhistorisk Museum\",\"potentialAction\":[{\"@type\":\"SearchAction\",\"target\":{\"@type\":\"EntryPoint\",\"urlTemplate\":\"https:\\\/\\\/frederiksborg.dk\\\/?s={search_term_string}\"},\"query-input\":{\"@type\":\"PropertyValueSpecification\",\"valueRequired\":true,\"valueName\":\"search_term_string\"}}],\"inLanguage\":\"de\"}]}<\/script>\n<!-- \/ Yoast SEO plugin. -->","yoast_head_json":{"title":"Forside - Frederiksborg","robots":{"index":"index","follow":"follow","max-snippet":"max-snippet:-1","max-image-preview":"max-image-preview:large","max-video-preview":"max-video-preview:-1"},"canonical":"https:\/\/frederiksborg.dk\/de\/","og_locale":"de_DE","og_type":"article","og_title":"Forside - Frederiksborg","og_description":"Willkommen! Erforschen Sie pr\u00e4chtige Kabinen und Hallen sowie die D\u00e4nische Nationalgalerie f\u00fcr Portr\u00e4tmalerei! Der direkteste Weg nach Frederiksborg ist die Fahrt mit der A-Linie der S-Bahn. Anfahrt und Parken Ausstellungen 09\/02 2024 - 03\/07 2028 Gods Recreated Special exhibition showcases the striking facade sculptures of Frederiksborg Castle and the extensive restoration effort currently underway. Lesen [&hellip;]","og_url":"https:\/\/frederiksborg.dk\/de\/","og_site_name":"Frederiksborg","article_modified_time":"2025-09-02T07:42:36+00:00","twitter_card":"summary_large_image","schema":{"@context":"https:\/\/schema.org","@graph":[{"@type":"WebPage","@id":"https:\/\/frederiksborg.dk\/de\/","url":"https:\/\/frederiksborg.dk\/de\/","name":"Forside - Frederiksborg","isPartOf":{"@id":"https:\/\/frederiksborg.dk\/#website"},"datePublished":"2014-04-30T08:42:42+00:00","dateModified":"2025-09-02T07:42:36+00:00","breadcrumb":{"@id":"https:\/\/frederiksborg.dk\/de\/#breadcrumb"},"inLanguage":"de","potentialAction":[{"@type":"ReadAction","target":["https:\/\/frederiksborg.dk\/de\/"]}]},{"@type":"BreadcrumbList","@id":"https:\/\/frederiksborg.dk\/de\/#breadcrumb","itemListElement":[{"@type":"ListItem","position":1,"name":"Hjem","item":"https:\/\/frederiksborg.dk\/de\/"},{"@type":"ListItem","position":2,"name":"Forside"}]},{"@type":"WebSite","@id":"https:\/\/frederiksborg.dk\/#website","url":"https:\/\/frederiksborg.dk\/","name":"Frederiksborg","description":"Frederiksborg \u2219 Nationalhistorisk Museum","potentialAction":[{"@type":"SearchAction","target":{"@type":"EntryPoint","urlTemplate":"https:\/\/frederiksborg.dk\/?s={search_term_string}"},"query-input":{"@type":"PropertyValueSpecification","valueRequired":true,"valueName":"search_term_string"}}],"inLanguage":"de"}]}},"_links":{"self":[{"href":"https:\/\/frederiksborg.dk\/de\/wp-json\/wp\/v2\/pages\/22286","targetHints":{"allow":["GET"]}}],"collection":[{"href":"https:\/\/frederiksborg.dk\/de\/wp-json\/wp\/v2\/pages"}],"about":[{"href":"https:\/\/frederiksborg.dk\/de\/wp-json\/wp\/v2\/types\/page"}],"author":[{"embeddable":true,"href":"https:\/\/frederiksborg.dk\/de\/wp-json\/wp\/v2\/users\/4"}],"replies":[{"embeddable":true,"href":"https:\/\/frederiksborg.dk\/de\/wp-json\/wp\/v2\/comments?post=22286"}],"version-history":[{"count":0,"href":"https:\/\/frederiksborg.dk\/de\/wp-json\/wp\/v2\/pages\/22286\/revisions"}],"wp:attachment":[{"href":"https:\/\/frederiksborg.dk\/de\/wp-json\/wp\/v2\/media?parent=22286"}],"curies":[{"name":"wp","href":"https:\/\/api.w.org\/{rel}","templated":true}]}}